{"id":577,"date":"2025-05-07T13:55:44","date_gmt":"2025-05-07T13:55:44","guid":{"rendered":"https:\/\/baenaarquitectura.com\/?page_id=577"},"modified":"2025-05-07T14:21:11","modified_gmt":"2025-05-07T14:21:11","slug":"politica-de-cookies","status":"publish","type":"page","link":"https:\/\/baenaarquitectura.com\/en\/politica-de-cookies\/","title":{"rendered":"Pol\u00edtica de cookies"},"content":{"rendered":"<p>[et_pb_section fb_built=\u00bb1&#8243; _builder_version=\u00bb4.24.2&#8243; _module_preset=\u00bbdefault\u00bb background_color=\u00bb#EBEBEB\u00bb background_image=\u00bbhttps:\/\/baenaarquitectura.com\/wp-content\/uploads\/2024\/06\/cerrado-de-calderon-Malaga-4.jpg\u00bb custom_margin=\u00bb0px||0px||false|false\u00bb custom_padding=\u00bb||50px|||\u00bb global_colors_info=\u00bb{}\u00bb][et_pb_row column_structure=\u00bb1_2,1_2&#8243; custom_padding_last_edited=\u00bboff|desktop\u00bb _builder_version=\u00bb4.24.2&#8243; _module_preset=\u00bbdefault\u00bb background_enable_color=\u00bboff\u00bb positioning=\u00bbnone\u00bb position_origin_a_tablet=\u00bbbottom_right\u00bb position_origin_a_phone=\u00bbbottom_right\u00bb position_origin_a_last_edited=\u00bboff|desktop\u00bb position_origin_f_last_edited=\u00bboff|desktop\u00bb position_origin_r_last_edited=\u00bboff|desktop\u00bb width=\u00bb90%\u00bb width_tablet=\u00bb39%\u00bb width_phone=\u00bb90%\u00bb width_last_edited=\u00bboff|desktop\u00bb max_width_tablet=\u00bb39%\u00bb max_width_phone=\u00bb90%\u00bb max_width_last_edited=\u00bboff|desktop\u00bb custom_margin=\u00bb90px|auto|90px|auto|true|false\u00bb custom_padding_tablet=\u00bb40px|50px|44px|50px|false|false\u00bb custom_padding_phone=\u00bb35px|45px|35px|45px|false|false\u00bb positioning_tablet=\u00bbabsolute\u00bb positioning_phone=\u00bbnone\u00bb positioning_last_edited=\u00bboff|desktop\u00bb global_colors_info=\u00bb{}\u00bb][et_pb_column type=\u00bb1_2&#8243; _builder_version=\u00bb4.24.2&#8243; _module_preset=\u00bbdefault\u00bb background_color=\u00bb#FFFFFF\u00bb custom_padding=\u00bb30px|30px|30px|30px|true|true\u00bb global_colors_info=\u00bb{}\u00bb][et_pb_text _builder_version=\u00bb4.26.0&#8243; _dynamic_attributes=\u00bbcontent\u00bb _module_preset=\u00bbdefault\u00bb text_font_size=\u00bb45px\u00bb header_2_font=\u00bbCairo||||||||\u00bb header_2_text_align=\u00bbleft\u00bb header_2_text_color=\u00bb#000000&#8243; header_2_font_size=\u00bb45px\u00bb header_2_line_height=\u00bb1.1em\u00bb custom_margin=\u00bb0px||5px||false|false\u00bb custom_padding=\u00bb0px||0px||false|false\u00bb animation_style=\u00bbfade\u00bb animation_speed_curve=\u00bbease\u00bb header_2_text_align_tablet=\u00bbleft\u00bb header_2_text_align_phone=\u00bbcenter\u00bb header_2_text_align_last_edited=\u00bbon|phone\u00bb header_2_font_size_tablet=\u00bb63px\u00bb header_2_font_size_phone=\u00bb40px\u00bb header_2_font_size_last_edited=\u00bbon|phone\u00bb global_colors_info=\u00bb{}\u00bb]@ET-DC@eyJkeW5hbWljIjp0cnVlLCJjb250ZW50IjoicG9zdF90aXRsZSIsInNldHRpbmdzIjp7ImJlZm9yZSI6IiIsImFmdGVyIjoiIn19@[\/et_pb_text][\/et_pb_column][et_pb_column type=\u00bb1_2&#8243; _builder_version=\u00bb4.24.2&#8243; _module_preset=\u00bbdefault\u00bb global_colors_info=\u00bb{}\u00bb][\/et_pb_column][\/et_pb_row][\/et_pb_section][et_pb_section fb_built=\u00bb1&#8243; custom_padding_last_edited=\u00bbon|phone\u00bb _builder_version=\u00bb4.24.2&#8243; _module_preset=\u00bbdefault\u00bb background_color=\u00bb#0a0909&#8243; min_height=\u00bb900px\u00bb custom_padding=\u00bb83px||83px||true|\u00bb custom_padding_tablet=\u00bb120px||120px||false|false\u00bb custom_padding_phone=\u00bb0px||0px||true|false\u00bb global_colors_info=\u00bb{}\u00bb custom_padding__hover_enabled=\u00bboff|desktop\u00bb][et_pb_row use_custom_gutter=\u00bbon\u00bb gutter_width=\u00bb2&#8243; make_equal=\u00bbon\u00bb _builder_version=\u00bb4.24.2&#8243; _module_preset=\u00bbdefault\u00bb width=\u00bb90%\u00bb animation_style=\u00bbfade\u00bb animation_delay=\u00bb500ms\u00bb animation_speed_curve=\u00bbease\u00bb global_colors_info=\u00bb{}\u00bb][et_pb_column type=\u00bb4_4&#8243; _builder_version=\u00bb4.20.0&#8243; _module_preset=\u00bbdefault\u00bb global_colors_info=\u00bb{}\u00bb][et_pb_text _builder_version=\u00bb4.24.2&#8243; _module_preset=\u00bbdefault\u00bb text_text_color=\u00bb#FFFFFF\u00bb text_font_size=\u00bb16px\u00bb locked=\u00bboff\u00bb global_colors_info=\u00bb{}\u00bb]<\/p>\n<p>INFORMACI\u00d3N SOBRE COOKIES<\/p>\n<p>Conforme con la Ley 34\/2002, de 11 de julio, de servicios de la sociedad de la informaci\u00f3n y de comercio electr\u00f3nico (LSSI), en relaci\u00f3n con el Reglamento (UE) 2016\/679 del Parlamento Europeo y del Consejo, de 27 de abril de 2016, General de Protecci\u00f3n de Datos (GDPR) y la Ley Org\u00e1nica 3\/2018, de 5 de diciembre, de Protecci\u00f3n de Datos y Garant\u00eda de los Derechos Digitales (LOPDGDD), es obligado obtener el consentimiento expreso del usuario de todas las p\u00e1ginas web que usan cookies prescindibles, antes de que<br \/>este navegue por ellas.<\/p>\n<p>\u00bfQU\u00c9 SON LAS COOKIES?<\/p>\n<p>Las cookies y otras tecnolog\u00edas similares tales como local shared objects, flash cookies o p\u00edxeles, son herramientas empleadas por los servidores Web para almacenar y recuperar informaci\u00f3n acerca de sus visitantes, as\u00ed como para ofrecer un correcto funcionamiento del sitio. Mediante el uso de estos dispositivos se permite al servidor Web recordar algunos datos concernientes al usuario, como sus preferencias para la visualizaci\u00f3n de las p\u00e1ginas de ese servidor, nombre y contrase\u00f1a, productos que m\u00e1s le interesan, etc.<\/p>\n<p>COOKIES AFECTADAS POR LA NORMATIVA Y COOKIES EXCEPTUADAS<\/p>\n<p>Seg\u00fan la directiva de la UE, las cookies que requieren el consentimiento informado por parte del usuario son las cookies de anal\u00edtica y las de publicidad y afiliaci\u00f3n, quedando exceptuadas las de car\u00e1cter t\u00e9cnico y las necesarias para el funcionamiento del sitio web o la prestaci\u00f3n de servicios expresamente solicitados por el usuario.<\/p>\n<p>TIPOS DE COOKIES<\/p>\n<p>SEG\u00daN LA FINALIDAD<br \/>Cookies t\u00e9cnicas y funcionales: son aquellas que permiten al usuario la navegaci\u00f3n a trav\u00e9s de una p\u00e1gina web, plataforma o aplicaci\u00f3n y la utilizaci\u00f3n de las diferentes opciones o servicios que en ella existan.<\/p>\n<p>Cookies anal\u00edticas: son aquellas que permiten al responsable de las mismas el seguimiento y an\u00e1lisis del comportamiento de los usuarios de los sitios web a los que est\u00e1n vinculadas. La informaci\u00f3n recogida mediante este tipo de cookies se utiliza en la medici\u00f3n de la actividad de los sitios web, aplicaci\u00f3n o plataforma y para la elaboraci\u00f3n de perfiles de navegaci\u00f3n de los usuarios de dichos sitios, aplicaciones y plataformas, con el fin de introducir mejoras en funci\u00f3n del an\u00e1lisis de los datos de uso que hacen los usuarios del servicio.<\/p>\n<p>Cookies publicitarias: son aquellas que permiten la gesti\u00f3n, de la forma m\u00e1s eficaz posible, de los espacios publicitarios que, en su caso, el editor haya incluido en una p\u00e1gina web, aplicaci\u00f3n o plataforma desde la que presta el servicio solicitado en base a criterios como el contenido editado o<br \/>la frecuencia en la que se muestran los anuncios.<\/p>\n<p>Cookies de publicidad comportamental: recogen informaci\u00f3n sobre las preferencias y elecciones personales del usuario (retargeting) para permitir la gesti\u00f3n, de la forma m\u00e1s eficaz posible, de los espacios publicitarios que, en su caso, el editor haya incluido en una p\u00e1gina web, aplicaci\u00f3n o<br \/>plataforma desde la que presta el servicio solicitado.<\/p>\n<p>Cookies sociales: son establecidas por las plataformas de redes sociales en los servicios para permitirle compartir contenido con sus amigos y redes. Las plataformas de medios sociales tienen la capacidad de rastrear su actividad en l\u00ednea fuera de los Servicios. Esto puede afectar al contenido y<br \/>los mensajes que ve en otros servicios que visita.<\/p>\n<p>Cookies de afiliados: permiten hacer un seguimiento de las visitas procedentes de otras webs, con las que el sitio web establece un contrato de afiliaci\u00f3n (empresas de afiliaci\u00f3n).<br \/>Cookies de seguridad: almacenan informaci\u00f3n cifrada para evitar que los datos guardados en ellas<span>\u00a0<\/span><span>sean vulnerables a ataques maliciosos de terceros.<\/span><\/p>\n<p>SEG\u00daN LA PROPIEDAD<br \/>Cookies propias: son aquellas que se env\u00edan al equipo terminal del usuario desde un equipo o dominio gestionado por el propio editor y desde el que se presta el servicio solicitado por el usuario.<\/p>\n<p>Cookies de terceros: son aquellas que se env\u00edan al equipo terminal del usuario desde un equipo o dominio que no es gestionado por el editor, sino por otra entidad que trata los datos obtenidos trav\u00e9s de las cookies.<\/p>\n<p>SEG\u00daN EL PLAZO DE CONSERVACI\u00d3N<br \/>Cookies de sesi\u00f3n: son un tipo de cookies dise\u00f1adas para recabar y almacenar datos mientras el usuario accede a una p\u00e1gina web.<br \/>Cookies persistentes: son un tipo de cookies en el que los datos siguen almacenados en el terminal y pueden ser accedidos y tratados durante un per\u00edodo definido por el responsable de la cookie, y que puede ir de unos minutos a varios a\u00f1os.<\/p>\n<p>TRATAMIENTO DE DATOS PERSONALES<\/p>\n<p>Aureliano Baena G\u00f3nzalez es el Responsable del tratamiento de los datos personales del Interesado y le informa de que estos datos ser\u00e1n tratados de conformidad con lo dispuesto en el Reglamento (UE) 2016\/679, de 27 de abril de 2016 (GDPR), por lo que se le facilita la siguiente informaci\u00f3n del tratamiento:<br \/>Fines del tratamiento: seg\u00fan se especifica en el apartado de cookies que se utilizan en este sitio web. Legitimaci\u00f3n del tratamiento: salvo en los casos en los que resulte necesario para la navegaci\u00f3n por la web, por consentimiento del interesado (art. 6.1.a GDPR).<br \/>Criterios de conservaci\u00f3n de los datos: seg\u00fan se especifica en el apartado de cookies utilizadas en la web.<br \/>Comunicaci\u00f3n de los datos: no se comunicar\u00e1n los datos a terceros, excepto en cookies propiedad de terceros o por obligaci\u00f3n legal.<\/p>\n<p>Derechos que asisten al Interesado:<br \/>\u2013 Derecho a retirar el consentimiento en cualquier momento.<br \/>\u2013 Derecho de acceso, rectificaci\u00f3n, portabilidad y supresi\u00f3n de sus datos, y de limitaci\u00f3n u oposici\u00f3n a su tratamiento.<br \/>\u2013 Derecho a presentar una reclamaci\u00f3n ante la Autoridad de control (www.aepd.es) si considera que el tratamiento no se ajusta a la normativa vigente.<\/p>\n<p>Datos de contacto para ejercer sus derechos:<br \/><span>Aureliano Baena G\u00f3nzalez \/ <a href=\"mailto:arquitecnia2000@gmail.com\" target=\"_blank\" rel=\"noopener\">arquitecnia2000@gmail.com<\/a><\/span><\/p>\n<p>COOKIES UTILIZADAS EN ESTE SITIO WEB<\/p>\n<p>COOKIES CONTROLADAS POR EL EDITOR<\/p>\n<p>T\u00e9cnicas y funcionales<\/p>\n<p>Propiedad Cookie Finalidad Plazo<br \/>Cookie necesaria para la utilizaci\u00f3n de las opciones y<br \/>servicios del sitio web en un a\u00f1o<\/p>\n<p>Cookie necesaria para la utilizaci\u00f3n de las opciones y<br \/>servicios del sitio web en un a\u00f1o<\/p>\n<div>\n<div><span>.<a href=\"https:\/\/baenaarquitectura.com\/en\/\" target=\"_blank\" data-saferedirecturl=\"https:\/\/www.google.com\/url?q=https:\/\/baenaarquitectura.com\/&amp;source=gmail&amp;ust=1746711854239000&amp;usg=AOvVaw2v1JbIo26Iohpz-MzKhsfg\" rel=\"noopener\">baenaarquitectura.com\/<\/a><\/span><\/div>\n<div><span>2026-06-11 09:22:14<\/span><\/div>\n<div>\n<div><span>Name:<\/span><span>_ga_B1FY4H1BET<\/span><\/div>\n<div><span>Value:<\/span><span>GS2.1.s1746609734$o1$g0$<wbr \/>t1746609734$j0$l0$h0<\/span><\/div>\n<\/div>\n<\/div>\n<div><\/div>\n<div>\n<div><span>.<a href=\"https:\/\/baenaarquitectura.com\/en\/\" target=\"_blank\" data-saferedirecturl=\"https:\/\/www.google.com\/url?q=https:\/\/baenaarquitectura.com\/&amp;source=gmail&amp;ust=1746711854239000&amp;usg=AOvVaw2v1JbIo26Iohpz-MzKhsfg\" rel=\"noopener\">baenaarquitectura.com\/<\/a><\/span><\/div>\n<div><span>2026-06-11 09:22:14<\/span><\/div>\n<div>\n<div><span>Name:<\/span><span>_ga<\/span><\/div>\n<div><span>Value:<\/span><span>GA1.1.107526560.<wbr \/>1746609735<\/span><\/div>\n<\/div>\n<\/div>\n<div><\/div>\n<div>\n<div><span>.<a href=\"https:\/\/baenaarquitectura.com\/en\/\" target=\"_blank\" data-saferedirecturl=\"https:\/\/www.google.com\/url?q=https:\/\/baenaarquitectura.com\/&amp;source=gmail&amp;ust=1746711854239000&amp;usg=AOvVaw2v1JbIo26Iohpz-MzKhsfg\" rel=\"noopener\">baenaarquitectura.com\/<\/a><\/span><\/div>\n<div><span>2026-06-11 09:22:14<\/span><\/div>\n<div>\n<div><span>Name:<\/span><span>_ga_KHT0TRM7YF<\/span><\/div>\n<div><span>Value:<\/span><span>GS2.1.s1746609734$o1$g0$<wbr \/>t1746609734$j0$l0$h0<\/span><\/div>\n<\/div>\n<\/div>\n<p><span style=\"font-size: 16px;\"><\/span><\/p>\n<p><span style=\"font-size: 16px;\">COOKIES DE TERCEROS<\/span><\/p>\n<p>Los servicios de terceros son ajenos al control del editor. Los proveedores pueden modificar en todo momento sus condiciones de servicio, finalidad y utilizaci\u00f3n de las cookies, etc.<\/p>\n<p>Proveedores externos de este sitio web:<\/p>\n<p>Editor Pol\u00edtica de privacidad<br \/>Google Analytics https:\/\/privacy.google.com\/take-control.html<br \/>PANEL DE CONFIGURACI\u00d3N DE COOKIES<\/p>\n<p>Desde este panel podr\u00e1 configurar las cookies que el sitio web puede instalar en su navegador, excepto las<br \/>cookies t\u00e9cnicas o funcionales que son necesarias para la navegaci\u00f3n y la utilizaci\u00f3n de las diferentes<br \/>opciones o servicios que se ofrecen.<\/p>\n<p>Panel de cookies<\/p>\n<p>C\u00d3MO GESTIONAR LAS COOKIES DESDE EL NAVEGADOR<\/p>\n<p>Eliminar las cookies del dispositivo<\/p>\n<p>Las cookies que ya est\u00e1n en un dispositivo se pueden eliminar borrando el historial del navegador, con lo que se suprimen las cookies de todos los sitios<br \/>web visitados. Sin embargo, tambi\u00e9n se puede perder parte de la informaci\u00f3n guardada (por ejemplo, los datos de inicio de sesi\u00f3n o las preferencias de sitio web).<\/p>\n<p>Gestionar las cookies espec\u00edficas del sitio<\/p>\n<p>Para tener un control m\u00e1s preciso de las cookies espec\u00edficas de cada sitio, los usuarios pueden ajustar su configuraci\u00f3n de privacidad y cookies en el<br \/>navegador. Bloquear las cookies<\/p>\n<p>Aunque la mayor\u00eda de los navegadores modernos se pueden configurar para evitar que se instalen cookies en los dispositivos, eso puede obligar al ajuste manual de determinadas preferencias cada vez que se visite un sitio o p\u00e1gina.<\/p>\n<p>Adem\u00e1s, algunos servicios y caracter\u00edsticas pueden no funcionar correctamente (por ejemplo, los inicios de sesi\u00f3n con perfil).<br \/>C\u00d3MO ELIMINAR LAS COOKIES DE LOS NAVEGADORES M\u00c1S COMUNES<\/p>\n<p>Chrome http:\/\/support.google.com\/chrome\/answer\/95647?hl=es<br \/>Edge https:\/\/support.microsoft.com\/es-es\/microsoft-edge\/eliminar-las-cookies-en-microsoft-edge-63947406-40ac-c3b8-57b9-2a946a29ae09<br \/>Explorer https:\/\/support.microsoft.com\/es-es\/help\/278835\/how-to-delete-cookie-files-in-internet-explorer<br \/>Firefox https:\/\/www.mozilla.org\/es-ES\/privacy\/websites\/#cookies<br \/>Safari https:\/\/support.apple.com\/es-es\/guide\/safari\/sfri11471\/mac<br \/>Opera https:\/\/help.opera.com\/en\/latest\/security-and-privacy\/#clearBrowsingData<\/p>\n<p>&nbsp;<\/p>\n<p>[\/et_pb_text][\/et_pb_column][\/et_pb_row][\/et_pb_section]<\/p>","protected":false},"excerpt":{"rendered":"<p>INFORMACI\u00d3N SOBRE COOKIES Conforme con la Ley 34\/2002, de 11 de julio, de servicios de la sociedad de la informaci\u00f3n y de comercio electr\u00f3nico (LSSI), en relaci\u00f3n con el Reglamento (UE) 2016\/679 del Parlamento Europeo y del Consejo, de 27 de abril de 2016, General de Protecci\u00f3n de Datos (GDPR) y la Ley Org\u00e1nica 3\/2018, de 5 de diciembre, de Protecci\u00f3n de Datos y Garant\u00eda de los Derechos Digitales (LOPDGDD), es obligado obtener el consentimiento expreso del usuario de todas las p\u00e1ginas web que usan cookies prescindibles, antes de queeste navegue por ellas. \u00bfQU\u00c9 SON LAS COOKIES? Las cookies y otras tecnolog\u00edas similares tales como local shared objects, flash cookies o p\u00edxeles, son herramientas empleadas por los servidores Web para almacenar y recuperar informaci\u00f3n acerca de sus visitantes, as\u00ed como para ofrecer un correcto funcionamiento del sitio. Mediante el uso de estos dispositivos se permite al servidor Web recordar algunos datos concernientes al usuario, como sus preferencias para la visualizaci\u00f3n de las p\u00e1ginas de ese servidor, nombre y contrase\u00f1a, productos que m\u00e1s le interesan, etc. COOKIES AFECTADAS POR LA NORMATIVA Y COOKIES EXCEPTUADAS Seg\u00fan la directiva de la UE, las cookies que requieren el consentimiento informado por parte del usuario [&hellip;]<\/p>","protected":false},"author":2,"featured_media":0,"parent":0,"menu_order":0,"comment_status":"closed","ping_status":"closed","template":"","meta":{"_et_pb_use_builder":"on","_et_pb_old_content":"[et_pb_section fb_built=\"1\" _builder_version=\"4.24.2\" _module_preset=\"default\" background_color=\"#EBEBEB\" background_image=\"https:\/\/baenaarquitectura.com\/wp-content\/uploads\/2024\/06\/cerrado-de-calderon-Malaga-4.jpg\" custom_margin=\"0px||0px||false|false\" global_colors_info=\"{}\" theme_builder_area=\"post_content\" custom_padding=\"||0px|||\"][et_pb_row column_structure=\"1_2,1_2\" custom_padding_last_edited=\"off|desktop\" _builder_version=\"4.24.2\" _module_preset=\"default\" background_enable_color=\"off\" positioning=\"none\" position_origin_a_tablet=\"bottom_right\" position_origin_a_phone=\"bottom_right\" position_origin_a_last_edited=\"off|desktop\" position_origin_f_last_edited=\"off|desktop\" position_origin_r_last_edited=\"off|desktop\" width=\"90%\" width_tablet=\"39%\" width_phone=\"90%\" width_last_edited=\"off|desktop\" max_width_tablet=\"39%\" max_width_phone=\"90%\" max_width_last_edited=\"off|desktop\" custom_margin=\"90px|auto|90px|auto|true|false\" custom_padding_tablet=\"40px|50px|44px|50px|false|false\" custom_padding_phone=\"35px|45px|35px|45px|false|false\" positioning_tablet=\"absolute\" positioning_phone=\"none\" positioning_last_edited=\"off|desktop\" global_colors_info=\"{}\" theme_builder_area=\"post_content\"][et_pb_column type=\"1_2\" _builder_version=\"4.24.2\" _module_preset=\"default\" background_color=\"#FFFFFF\" custom_padding=\"30px|30px|30px|30px|true|true\" global_colors_info=\"{}\" theme_builder_area=\"post_content\"][et_pb_text _builder_version=\"4.26.0\" _module_preset=\"default\" header_2_font=\"Cairo||||||||\" header_2_text_align=\"left\" header_2_text_color=\"#000000\" header_2_font_size=\"45px\" header_2_line_height=\"1.1em\" custom_margin=\"0px||5px||false|false\" custom_padding=\"0px||0px||false|false\" animation_style=\"fade\" animation_speed_curve=\"ease\" hover_enabled=\"0\" header_2_text_align_tablet=\"left\" header_2_text_align_phone=\"center\" header_2_text_align_last_edited=\"on|phone\" header_2_font_size_tablet=\"63px\" header_2_font_size_phone=\"40px\" header_2_font_size_last_edited=\"on|phone\" global_colors_info=\"{}\" theme_builder_area=\"post_content\" _dynamic_attributes=\"content\" text_font_size=\"45px\" sticky_enabled=\"0\"]@ET-DC@eyJkeW5hbWljIjp0cnVlLCJjb250ZW50IjoicG9zdF90aXRsZSIsInNldHRpbmdzIjp7ImJlZm9yZSI6IiIsImFmdGVyIjoiIn19@[\/et_pb_text][\/et_pb_column][et_pb_column type=\"1_2\" _builder_version=\"4.24.2\" _module_preset=\"default\" global_colors_info=\"{}\" theme_builder_area=\"post_content\"][\/et_pb_column][\/et_pb_row][\/et_pb_section][et_pb_section fb_built=\"1\" custom_padding_last_edited=\"on|phone\" _builder_version=\"4.24.2\" _module_preset=\"default\" background_color=\"#0a0909\" min_height=\"900px\" custom_padding=\"83px||83px||true|\" custom_padding_tablet=\"120px||120px||false|false\" custom_padding_phone=\"0px||0px||true|false\" global_colors_info=\"{}\" custom_padding__hover_enabled=\"off|desktop\" theme_builder_area=\"post_content\"][et_pb_row use_custom_gutter=\"on\" gutter_width=\"2\" make_equal=\"on\" _builder_version=\"4.24.2\" _module_preset=\"default\" width=\"90%\" animation_style=\"fade\" animation_delay=\"500ms\" animation_speed_curve=\"ease\" global_colors_info=\"{}\" theme_builder_area=\"post_content\"][et_pb_column type=\"4_4\" _builder_version=\"4.20.0\" _module_preset=\"default\" global_colors_info=\"{}\" theme_builder_area=\"post_content\"][et_pb_text _builder_version=\"4.24.2\" _module_preset=\"default\" text_text_color=\"#FFFFFF\" text_font_size=\"16px\" locked=\"off\" global_colors_info=\"{}\" theme_builder_area=\"post_content\"]<p>1. INFORMACI\u00d3N AL USUARIO<\/p>\n<p>\u00bfQui\u00e9n es el responsable del tratamiento de tus datos personales?<\/p>\n<div>Aureliano Baena G\u00f3nzalez es el RESPONSABLE del tratamiento de los datos personales del USUARIO y le informa de que estos datos ser\u00e1n tratados de conformidad con lo dispuesto en el Reglamento (UE) 2016\/679, de 27 de abril (GDPR), y la Ley Org\u00e1nica 3\/2018, de 5 de diciembre (LOPDGDD).<\/div>\n<p>&nbsp;<\/p>\n<p>\u00bfPara qu\u00e9 tratamos tus datos personales y por qu\u00e9 lo hacemos?<br \/>Seg\u00fan el formulario donde hayamos obtenido sus datos personales, los trataremos de manera confidencial para alcanzar los siguientes fines:<br \/>En el formulario Contacto Dar respuesta a las consultas o cualquier tipo de petici\u00f3n que sea realizada por el usuario a trav\u00e9s de cualquiera de las formas de contacto que se ponen a su disposici\u00f3n en la p\u00e1gina web del responsable. (por el inter\u00e9s leg\u00edtimo del responsable, art. 6.1.f GDPR)<\/p>\n<p>Enviar comunicaciones comerciales publicitarias por e-mail, fax, SMS, MMS, redes sociales o cualquier otro medio electr\u00f3nico o f\u00edsico, presente o futuro, que posibilite realizar comunicaciones comerciales. Estas comunicaciones ser\u00e1n realizadas por el responsable y estar\u00e1n relacionadas con sus productos y servicios, o de sus colaboradores o proveedores, con los que este haya alcanzado alg\u00fan acuerdo de promoci\u00f3n. En este caso, los terceros nunca tendr\u00e1n acceso a los datos personales. (por el consentimiento del interesado, 6.1.a GDPR)<\/p>\n<p>Realizar an\u00e1lisis estad\u00edsticos y estudios de mercado. (por el inter\u00e9s leg\u00edtimo del responsable, art. 6.1.f GDPR)<br \/>En el formulario Citas Agendar citas y reuniones con el responsable. (por el inter\u00e9s leg\u00edtimo del responsable, art. 6.1.f GDPR)<\/p>\n<p>\u00bfDurante cu\u00e1nto tiempo guardaremos tus datos personales?<br \/>Se conservar\u00e1n durante no m\u00e1s tiempo del necesario para mantener el fin del tratamiento o existan prescripciones legales que dictaminen su custodia y cuando ya no sea necesario para ello, se suprimir\u00e1n con medidas de seguridad adecuadas para garantizar la anonimizaci\u00f3n de los datos o la destrucci\u00f3n total de los mismos.<\/p>\n<p>\u00bfA qui\u00e9n facilitamos tus datos personales?<br \/>No est\u00e1 prevista ninguna comunicaci\u00f3n de datos personales a terceros salvo, si fuese necesario para el desarrollo y ejecuci\u00f3n de las finalidades del tratamiento, a nuestros proveedores de servicios relacionados con comunicaciones, con los cuales el RESPONSABLE tiene suscritos los contratos de<br \/>confidencialidad y de encargado de tratamiento exigidos por la normativa vigente de privacidad.<\/p>\n<p>\u00bfCu\u00e1les son tus derechos?<br \/>Los derechos que asisten al USUARIO son:<\/p>\n<p>Derecho a retirar el consentimiento en cualquier momento.<\/p>\n<p>Derecho de acceso, rectificaci\u00f3n, portabilidad y supresi\u00f3n de sus datos, y de limitaci\u00f3n u oposici\u00f3n a su tratamiento.<br \/>Derecho a presentar una reclamaci\u00f3n ante la autoridad de control (www.aepd.es) si considera que el tratamiento no se ajusta a la normativa vigente.<br \/>Datos de contacto para ejercer sus derechos:<br \/><span>Aureliano Baena G\u00f3nzalez \/ <a href=\"mailto:arquitecnia2000@gmail.com\" target=\"_blank\" rel=\"noopener\">arquitecnia2000@gmail.com<\/a><\/span><\/p>\n<p>2. CAR\u00c1CTER OBLIGATORIO O FACULTATIVO DE LA INFORMACI\u00d3N FACILITADA<\/p>\n<p>POR EL USUARIO<br \/>Los USUARIOS, mediante la marcaci\u00f3n de las casillas correspondientes y la entrada de datos en los campos, marcados con un asterisco (*) en el formulario de contacto o presentados en formularios de descarga, aceptan expresamente y de forma libre e inequ\u00edvoca, que sus datos son necesarios para atender su petici\u00f3n, por parte del prestador, siendo voluntaria la inclusi\u00f3n de datos en los campos restantes. El USUARIO garantiza que los datos personales facilitados al RESPONSABLE son veraces y se hace responsable de comunicar cualquier modificaci\u00f3n de los mismos. El RESPONSABLE informa de que todos los datos solicitados a trav\u00e9s del sitio web son obligatorios, ya que son necesarios para la prestaci\u00f3n de un servicio \u00f3ptimo al USUARIO. En caso de que no se faciliten todos los datos, no se garantiza que la informaci\u00f3n y servicios facilitados sean completamente ajustados a sus necesidades.<\/p>\n<p>3. MEDIDAS DE SEGURIDAD<br \/>Que de conformidad con lo dispuesto en las normativas vigentes en protecci\u00f3n de datos personales, el RESPONSABLE est\u00e1 cumpliendo con todas las disposiciones de las normativas GDPR y LOPDGDD para el tratamiento de los datos personales de su responsabilidad, y manifiestamente con los principios descritos en el art\u00edculo 5 del GDPR, por los cuales son tratados de manera l\u00edcita, leal y transparente en relaci\u00f3n con el interesado y adecuados, pertinentes y limitados a lo necesario en relaci\u00f3n con los fines para los que son tratados.<\/p>\n<p>El RESPONSABLE garantiza que ha implementado pol\u00edticas t\u00e9cnicas y organizativas apropiadas para aplicar las medidas de seguridad que establecen el GDPR y la LOPDGDD con el fin de proteger los derechos y libertades de los USUARIOS y les ha comunicado la informaci\u00f3n adecuada para que puedan<br \/>ejercerlos.<br \/>Para m\u00e1s informaci\u00f3n sobre las garant\u00edas de privacidad, puedes dirigirte al RESPONSABLE a trav\u00e9s de <span>Aureliano Baena G\u00f3nzalez \/ <a href=\"mailto:arquitecnia2000@gmail.com\" target=\"_blank\" rel=\"noopener\">arquitecnia2000@gmail.com<\/a><\/span><\/p>[\/et_pb_text][\/et_pb_column][\/et_pb_row][\/et_pb_section]","_et_gb_content_width":"","footnotes":""},"class_list":["post-577","page","type-page","status-publish","hentry"],"yoast_head":"<!-- This site is optimized with the Yoast SEO plugin v23.0 - https:\/\/yoast.com\/wordpress\/plugins\/seo\/ -->\n<title>Pol\u00edtica de cookies - Baena Arquitectura<\/title>\n<meta name=\"robots\" content=\"index, follow, max-snippet:-1, max-image-preview:large, max-video-preview:-1\" \/>\n<link rel=\"canonical\" href=\"https:\/\/baenaarquitectura.com\/en\/politica-de-cookies\/\" \/>\n<meta property=\"og:locale\" content=\"en_GB\" \/>\n<meta property=\"og:type\" content=\"article\" \/>\n<meta property=\"og:title\" content=\"Pol\u00edtica de cookies - Baena Arquitectura\" \/>\n<meta property=\"og:description\" content=\"INFORMACI\u00d3N SOBRE COOKIES Conforme con la Ley 34\/2002, de 11 de julio, de servicios de la sociedad de la informaci\u00f3n y de comercio electr\u00f3nico (LSSI), en relaci\u00f3n con el Reglamento (UE) 2016\/679 del Parlamento Europeo y del Consejo, de 27 de abril de 2016, General de Protecci\u00f3n de Datos (GDPR) y la Ley Org\u00e1nica 3\/2018, de 5 de diciembre, de Protecci\u00f3n de Datos y Garant\u00eda de los Derechos Digitales (LOPDGDD), es obligado obtener el consentimiento expreso del usuario de todas las p\u00e1ginas web que usan cookies prescindibles, antes de queeste navegue por ellas. \u00bfQU\u00c9 SON LAS COOKIES? Las cookies y otras tecnolog\u00edas similares tales como local shared objects, flash cookies o p\u00edxeles, son herramientas empleadas por los servidores Web para almacenar y recuperar informaci\u00f3n acerca de sus visitantes, as\u00ed como para ofrecer un correcto funcionamiento del sitio. Mediante el uso de estos dispositivos se permite al servidor Web recordar algunos datos concernientes al usuario, como sus preferencias para la visualizaci\u00f3n de las p\u00e1ginas de ese servidor, nombre y contrase\u00f1a, productos que m\u00e1s le interesan, etc. COOKIES AFECTADAS POR LA NORMATIVA Y COOKIES EXCEPTUADAS Seg\u00fan la directiva de la UE, las cookies que requieren el consentimiento informado por parte del usuario [&hellip;]\" \/>\n<meta property=\"og:url\" content=\"https:\/\/baenaarquitectura.com\/en\/politica-de-cookies\/\" \/>\n<meta property=\"og:site_name\" content=\"Baena Arquitectura\" \/>\n<meta property=\"article:modified_time\" content=\"2025-05-07T14:21:11+00:00\" \/>\n<meta name=\"twitter:card\" content=\"summary_large_image\" \/>\n<meta name=\"twitter:label1\" content=\"Estimated reading time\" \/>\n\t<meta name=\"twitter:data1\" content=\"6 minutes\" \/>\n<script type=\"application\/ld+json\" class=\"yoast-schema-graph\">{\"@context\":\"https:\/\/schema.org\",\"@graph\":[{\"@type\":\"WebPage\",\"@id\":\"https:\/\/baenaarquitectura.com\/politica-de-cookies\/\",\"url\":\"https:\/\/baenaarquitectura.com\/politica-de-cookies\/\",\"name\":\"Pol\u00edtica de cookies - Baena Arquitectura\",\"isPartOf\":{\"@id\":\"https:\/\/baenaarquitectura.com\/#website\"},\"datePublished\":\"2025-05-07T13:55:44+00:00\",\"dateModified\":\"2025-05-07T14:21:11+00:00\",\"breadcrumb\":{\"@id\":\"https:\/\/baenaarquitectura.com\/politica-de-cookies\/#breadcrumb\"},\"inLanguage\":\"en-GB\",\"potentialAction\":[{\"@type\":\"ReadAction\",\"target\":[\"https:\/\/baenaarquitectura.com\/politica-de-cookies\/\"]}]},{\"@type\":\"BreadcrumbList\",\"@id\":\"https:\/\/baenaarquitectura.com\/politica-de-cookies\/#breadcrumb\",\"itemListElement\":[{\"@type\":\"ListItem\",\"position\":1,\"name\":\"Portada\",\"item\":\"https:\/\/baenaarquitectura.com\/\"},{\"@type\":\"ListItem\",\"position\":2,\"name\":\"Pol\u00edtica de cookies\"}]},{\"@type\":\"WebSite\",\"@id\":\"https:\/\/baenaarquitectura.com\/#website\",\"url\":\"https:\/\/baenaarquitectura.com\/\",\"name\":\"Baena Arquitectura\",\"description\":\"Arquitectura, Urbanismo y Gesti&oacute;n integral de proyectos de edificaci&oacute;n.\",\"publisher\":{\"@id\":\"https:\/\/baenaarquitectura.com\/#organization\"},\"potentialAction\":[{\"@type\":\"SearchAction\",\"target\":{\"@type\":\"EntryPoint\",\"urlTemplate\":\"https:\/\/baenaarquitectura.com\/?s={search_term_string}\"},\"query-input\":\"required name=search_term_string\"}],\"inLanguage\":\"en-GB\"},{\"@type\":\"Organization\",\"@id\":\"https:\/\/baenaarquitectura.com\/#organization\",\"name\":\"Baena Arquitectura\",\"url\":\"https:\/\/baenaarquitectura.com\/\",\"logo\":{\"@type\":\"ImageObject\",\"inLanguage\":\"en-GB\",\"@id\":\"https:\/\/baenaarquitectura.com\/#\/schema\/logo\/image\/\",\"url\":\"https:\/\/baenaarquitectura.com\/wp-content\/uploads\/2024\/06\/Logo-BAENA-1-238x242-1-238x242-1-238x242-1-238x242.jpg\",\"contentUrl\":\"https:\/\/baenaarquitectura.com\/wp-content\/uploads\/2024\/06\/Logo-BAENA-1-238x242-1-238x242-1-238x242-1-238x242.jpg\",\"width\":238,\"height\":242,\"caption\":\"Baena Arquitectura\"},\"image\":{\"@id\":\"https:\/\/baenaarquitectura.com\/#\/schema\/logo\/image\/\"},\"sameAs\":[\"https:\/\/www.instagram.com\/baenaarquitectura\"]}]}<\/script>\n<!-- \/ Yoast SEO plugin. -->","yoast_head_json":{"title":"Pol\u00edtica de cookies - Baena Arquitectura","robots":{"index":"index","follow":"follow","max-snippet":"max-snippet:-1","max-image-preview":"max-image-preview:large","max-video-preview":"max-video-preview:-1"},"canonical":"https:\/\/baenaarquitectura.com\/en\/politica-de-cookies\/","og_locale":"en_GB","og_type":"article","og_title":"Pol\u00edtica de cookies - Baena Arquitectura","og_description":"INFORMACI\u00d3N SOBRE COOKIES Conforme con la Ley 34\/2002, de 11 de julio, de servicios de la sociedad de la informaci\u00f3n y de comercio electr\u00f3nico (LSSI), en relaci\u00f3n con el Reglamento (UE) 2016\/679 del Parlamento Europeo y del Consejo, de 27 de abril de 2016, General de Protecci\u00f3n de Datos (GDPR) y la Ley Org\u00e1nica 3\/2018, de 5 de diciembre, de Protecci\u00f3n de Datos y Garant\u00eda de los Derechos Digitales (LOPDGDD), es obligado obtener el consentimiento expreso del usuario de todas las p\u00e1ginas web que usan cookies prescindibles, antes de queeste navegue por ellas. \u00bfQU\u00c9 SON LAS COOKIES? Las cookies y otras tecnolog\u00edas similares tales como local shared objects, flash cookies o p\u00edxeles, son herramientas empleadas por los servidores Web para almacenar y recuperar informaci\u00f3n acerca de sus visitantes, as\u00ed como para ofrecer un correcto funcionamiento del sitio. Mediante el uso de estos dispositivos se permite al servidor Web recordar algunos datos concernientes al usuario, como sus preferencias para la visualizaci\u00f3n de las p\u00e1ginas de ese servidor, nombre y contrase\u00f1a, productos que m\u00e1s le interesan, etc. COOKIES AFECTADAS POR LA NORMATIVA Y COOKIES EXCEPTUADAS Seg\u00fan la directiva de la UE, las cookies que requieren el consentimiento informado por parte del usuario [&hellip;]","og_url":"https:\/\/baenaarquitectura.com\/en\/politica-de-cookies\/","og_site_name":"Baena Arquitectura","article_modified_time":"2025-05-07T14:21:11+00:00","twitter_card":"summary_large_image","twitter_misc":{"Estimated reading time":"6 minutes"},"schema":{"@context":"https:\/\/schema.org","@graph":[{"@type":"WebPage","@id":"https:\/\/baenaarquitectura.com\/politica-de-cookies\/","url":"https:\/\/baenaarquitectura.com\/politica-de-cookies\/","name":"Pol\u00edtica de cookies - Baena Arquitectura","isPartOf":{"@id":"https:\/\/baenaarquitectura.com\/#website"},"datePublished":"2025-05-07T13:55:44+00:00","dateModified":"2025-05-07T14:21:11+00:00","breadcrumb":{"@id":"https:\/\/baenaarquitectura.com\/politica-de-cookies\/#breadcrumb"},"inLanguage":"en-GB","potentialAction":[{"@type":"ReadAction","target":["https:\/\/baenaarquitectura.com\/politica-de-cookies\/"]}]},{"@type":"BreadcrumbList","@id":"https:\/\/baenaarquitectura.com\/politica-de-cookies\/#breadcrumb","itemListElement":[{"@type":"ListItem","position":1,"name":"Portada","item":"https:\/\/baenaarquitectura.com\/"},{"@type":"ListItem","position":2,"name":"Pol\u00edtica de cookies"}]},{"@type":"WebSite","@id":"https:\/\/baenaarquitectura.com\/#website","url":"https:\/\/baenaarquitectura.com\/","name":"Baena Arquitectura","description":"Arquitectura, Urbanismo y Gesti&oacute;n integral de proyectos de edificaci&oacute;n.","publisher":{"@id":"https:\/\/baenaarquitectura.com\/#organization"},"potentialAction":[{"@type":"SearchAction","target":{"@type":"EntryPoint","urlTemplate":"https:\/\/baenaarquitectura.com\/?s={search_term_string}"},"query-input":"required name=search_term_string"}],"inLanguage":"en-GB"},{"@type":"Organization","@id":"https:\/\/baenaarquitectura.com\/#organization","name":"Baena Arquitectura","url":"https:\/\/baenaarquitectura.com\/","logo":{"@type":"ImageObject","inLanguage":"en-GB","@id":"https:\/\/baenaarquitectura.com\/#\/schema\/logo\/image\/","url":"https:\/\/baenaarquitectura.com\/wp-content\/uploads\/2024\/06\/Logo-BAENA-1-238x242-1-238x242-1-238x242-1-238x242.jpg","contentUrl":"https:\/\/baenaarquitectura.com\/wp-content\/uploads\/2024\/06\/Logo-BAENA-1-238x242-1-238x242-1-238x242-1-238x242.jpg","width":238,"height":242,"caption":"Baena Arquitectura"},"image":{"@id":"https:\/\/baenaarquitectura.com\/#\/schema\/logo\/image\/"},"sameAs":["https:\/\/www.instagram.com\/baenaarquitectura"]}]}},"_links":{"self":[{"href":"https:\/\/baenaarquitectura.com\/en\/wp-json\/wp\/v2\/pages\/577","targetHints":{"allow":["GET"]}}],"collection":[{"href":"https:\/\/baenaarquitectura.com\/en\/wp-json\/wp\/v2\/pages"}],"about":[{"href":"https:\/\/baenaarquitectura.com\/en\/wp-json\/wp\/v2\/types\/page"}],"author":[{"embeddable":true,"href":"https:\/\/baenaarquitectura.com\/en\/wp-json\/wp\/v2\/users\/2"}],"replies":[{"embeddable":true,"href":"https:\/\/baenaarquitectura.com\/en\/wp-json\/wp\/v2\/comments?post=577"}],"version-history":[{"count":5,"href":"https:\/\/baenaarquitectura.com\/en\/wp-json\/wp\/v2\/pages\/577\/revisions"}],"predecessor-version":[{"id":596,"href":"https:\/\/baenaarquitectura.com\/en\/wp-json\/wp\/v2\/pages\/577\/revisions\/596"}],"wp:attachment":[{"href":"https:\/\/baenaarquitectura.com\/en\/wp-json\/wp\/v2\/media?parent=577"}],"curies":[{"name":"wp","href":"https:\/\/api.w.org\/{rel}","templated":true}]}}