{"id":241,"date":"2024-06-01T15:06:21","date_gmt":"2024-06-01T15:06:21","guid":{"rendered":"https:\/\/baenaarquitectura.com\/?post_type=project&#038;p=241"},"modified":"2024-07-05T14:11:35","modified_gmt":"2024-07-05T14:11:35","slug":"proyecto-comercial-showroom","status":"publish","type":"project","link":"https:\/\/baenaarquitectura.com\/en\/project\/proyecto-comercial-showroom\/","title":{"rendered":"Proyecto comercial, Showroom"},"content":{"rendered":"<p>[et_pb_section fb_built=\u00bb1&#8243; _builder_version=\u00bb4.24.2&#8243; _module_preset=\u00bbdefault\u00bb background_enable_mask_style=\u00bbon\u00bb background_mask_style=\u00bbtriangles\u00bb background_mask_color=\u00bbrgba(235,235,235,0.43)\u00bb background_mask_transform=\u00bbinvert\u00bb background_mask_aspect_ratio=\u00bbportrait\u00bb background_mask_size=\u00bbcover\u00bb custom_padding=\u00bb||5px|||\u00bb locked=\u00bboff\u00bb global_colors_info=\u00bb{}\u00bb][et_pb_row use_custom_gutter=\u00bbon\u00bb _builder_version=\u00bb4.24.2&#8243; _module_preset=\u00bbdefault\u00bb width=\u00bb90%\u00bb custom_padding=\u00bb||0px||false|false\u00bb global_colors_info=\u00bb{}\u00bb][et_pb_column type=\u00bb4_4&#8243; _builder_version=\u00bb4.24.2&#8243; _module_preset=\u00bbdefault\u00bb background_color=\u00bbRGBA(255,255,255,0)\u00bb global_colors_info=\u00bb{}\u00bb][et_pb_text _builder_version=\u00bb4.24.2&#8243; _dynamic_attributes=\u00bbcontent\u00bb _module_preset=\u00bbdefault\u00bb text_font=\u00bb|||on|||||\u00bb text_text_color=\u00bb#333333&#8243; link_text_color=\u00bb#6E6E6E\u00bb custom_margin=\u00bb||19px|||\u00bb global_colors_info=\u00bb{}\u00bb]@ET-DC@eyJkeW5hbWljIjp0cnVlLCJjb250ZW50IjoicG9zdF9jYXRlZ29yaWVzIiwic2V0dGluZ3MiOnsiYmVmb3JlIjoiIiwiYWZ0ZXIiOiIiLCJsaW5rX3RvX3Rlcm1fcGFnZSI6Im9uIiwic2VwYXJhdG9yIjoiIHwgIiwiY2F0ZWdvcnlfdHlwZSI6InByb2plY3RfY2F0ZWdvcnkifX0=@[\/et_pb_text][et_pb_text _builder_version=\u00bb4.24.2&#8243; _dynamic_attributes=\u00bbcontent\u00bb _module_preset=\u00bbdefault\u00bb text_text_color=\u00bb#6E6E6E\u00bb text_font_size=\u00bb35px\u00bb text_line_height=\u00bb1.1em\u00bb custom_margin=\u00bb||19px|||\u00bb global_colors_info=\u00bb{}\u00bb]@ET-DC@eyJkeW5hbWljIjp0cnVlLCJjb250ZW50IjoicG9zdF90aXRsZSIsInNldHRpbmdzIjp7ImJlZm9yZSI6IiIsImFmdGVyIjoiIn19@[\/et_pb_text][et_pb_text _builder_version=\u00bb4.24.2&#8243; _module_preset=\u00bbdefault\u00bb text_font=\u00bb|300|||||||\u00bb text_text_color=\u00bb#333333&#8243; text_font_size=\u00bb17px\u00bb text_line_height=\u00bb1.65em\u00bb global_colors_info=\u00bb{}\u00bb]<\/p>\n<p><strong>Marbella, M\u00e1laga, Andalucia (Spain)_<\/strong><br \/>promotor: roman-Clavero, Windows and doors.<br \/>arquitecto: aureliano, baena gonz\u00e1lez_<br \/>-dise\u00f1o<br \/>-desarrollo t\u00e9cnico.<br \/>-direcci\u00f3n de obra.<\/p>\n<p>[\/et_pb_text][el_masonry_gallery _builder_version=\u00bb4.24.2&#8243; _module_preset=\u00bbdefault\u00bb image_ids=\u00bb296,248,247,246,252,253,251,250&#8243; hover_enabled=\u00bb0&#8243; sticky_enabled=\u00bb0&#8243; number_of_columns=\u00bb3&#8243;][\/el_masonry_gallery][dsm_masonry_gallery gallery_ids=\u00bb246,247,248,249,250,251,252,253&#8243; columns=\u00bb2&#8243; gutter=\u00bb20&#8243; use_lightbox=\u00bbon\u00bb use_zoom_on_hover=\u00bbon\u00bb _builder_version=\u00bb4.24.2&#8243; _module_preset=\u00bbdefault\u00bb global_colors_info=\u00bb{}\u00bb][\/dsm_masonry_gallery][\/et_pb_column][\/et_pb_row][\/et_pb_section][et_pb_section fb_built=\u00bb1&#8243; module_id=\u00bbproyectos\u00bb _builder_version=\u00bb4.24.2&#8243; _module_preset=\u00bbdefault\u00bb background_color=\u00bb#f9f9f9&#8243; custom_padding=\u00bb35px||24px|||\u00bb locked=\u00bboff\u00bb global_colors_info=\u00bb{}\u00bb global_module=\u00bb384&#8243; theme_builder_area=\u00bbpost_content\u00bb][et_pb_row custom_padding_last_edited=\u00bboff|desktop\u00bb _builder_version=\u00bb4.24.2&#8243; _module_preset=\u00bbdefault\u00bb width=\u00bb90%\u00bb custom_margin=\u00bb0px|auto|9px|auto|false|false\u00bb custom_padding=\u00bb18px||18px||true|false\u00bb custom_padding_tablet=\u00bb0px||0px|0px|false|false\u00bb custom_padding_phone=\u00bb0px||0px|0px|false|false\u00bb animation_style=\u00bbfade\u00bb animation_delay=\u00bb500ms\u00bb animation_speed_curve=\u00bbease\u00bb global_colors_info=\u00bb{}\u00bb theme_builder_area=\u00bbpost_content\u00bb][et_pb_column type=\u00bb4_4&#8243; _builder_version=\u00bb4.20.0&#8243; _module_preset=\u00bbdefault\u00bb global_colors_info=\u00bb{}\u00bb theme_builder_area=\u00bbpost_content\u00bb][et_pb_text _builder_version=\u00bb4.24.2&#8243; _module_preset=\u00bbdefault\u00bb header_2_font=\u00bbCairo|||on|||||\u00bb header_2_text_align=\u00bbleft\u00bb header_2_text_color=\u00bb#6E6E6E\u00bb header_2_font_size=\u00bb35px\u00bb header_2_line_height=\u00bb1.1em\u00bb custom_margin=\u00bb0px||-3px||false|false\u00bb custom_padding=\u00bb0px||0px||false|false\u00bb animation_style=\u00bbfade\u00bb animation_speed_curve=\u00bbease\u00bb header_2_font_size_tablet=\u00bb63px\u00bb header_2_font_size_phone=\u00bb30px\u00bb header_2_font_size_last_edited=\u00bbon|phone\u00bb global_colors_info=\u00bb{}\u00bb theme_builder_area=\u00bbpost_content\u00bb]<\/p>\n<h2>+ Proyectos<\/h2>\n<p>[\/et_pb_text][\/et_pb_column][\/et_pb_row][et_pb_row _builder_version=\u00bb4.24.2&#8243; _module_preset=\u00bbdefault\u00bb width=\u00bb90%\u00bb global_colors_info=\u00bb{}\u00bb theme_builder_area=\u00bbpost_content\u00bb][et_pb_column type=\u00bb4_4&#8243; _builder_version=\u00bb4.24.2&#8243; _module_preset=\u00bbdefault\u00bb global_colors_info=\u00bb{}\u00bb theme_builder_area=\u00bbpost_content\u00bb][dsm_post_carousel post_type=\u00bbproject\u00bb thumbnail_height=\u00bb278px\u00bb use_excerpt=\u00bboff\u00bb use_category=\u00bbon\u00bb use_date=\u00bboff\u00bb use_author=\u00bboff\u00bb use_readmore=\u00bbon\u00bb readmore_text=\u00bb+\u00bb spacing=\u00bb10&#8243; use_navi=\u00bboff\u00bb _builder_version=\u00bb4.24.2&#8243; _module_preset=\u00bbdefault\u00bb title_level=\u00bbh3&#8243; title_font=\u00bb|||on|||||\u00bb title_text_align=\u00bbcenter\u00bb title_text_color=\u00bb#333333&#8243; title_font_size=\u00bb16px\u00bb body_font=\u00bb|300|||||||\u00bb body_text_color=\u00bb#333333&#8243; body_font_size=\u00bb16px\u00bb date_text_color=\u00bb#C4C4C4&#8243; category_font=\u00bb||||||||\u00bb category_text_color=\u00bb#6E6E6E\u00bb category_font_size=\u00bb16px\u00bb custom_readmore=\u00bbon\u00bb readmore_text_size=\u00bb20px\u00bb readmore_text_color=\u00bb#333333&#8243; readmore_bg_color=\u00bbRGBA(255,255,255,0)\u00bb readmore_border_width=\u00bb0px\u00bb readmore_border_radius=\u00bb0px\u00bb readmore_use_icon=\u00bboff\u00bb readmore_alignment=\u00bbcenter\u00bb custom_margin=\u00bb||14px||false|false\u00bb hover_enabled=\u00bb0&#8243; global_colors_info=\u00bb{}\u00bb readmore_text_size__hover_enabled=\u00bboff|desktop\u00bb readmore_text_size__hover=\u00bb35px\u00bb readmore_text_color__hover_enabled=\u00bbon|desktop\u00bb readmore_text_color__hover=\u00bb#C4C4C4&#8243; theme_builder_area=\u00bbpost_content\u00bb sticky_enabled=\u00bb0&#8243;][\/dsm_post_carousel][\/et_pb_column][\/et_pb_row][\/et_pb_section]<\/p>","protected":false},"excerpt":{"rendered":"<p>Marbella, M\u00e1laga, Andalucia (Spain)_promotor: roman-Clavero, Windows and doors.arquitecto: aureliano, baena gonz\u00e1lez_-dise\u00f1o-desarrollo t\u00e9cnico.-direcci\u00f3n de obra.<div class=\"et_pb_module el_masonry_gallery el_masonry_gallery_0\">\n\t\t\t\t\n\t\t\t\t\n\t\t\t\t\n\t\t\t\t\n\t\t\t\t\n\t\t\t\t\n\t\t\t\t<div class=\"et_pb_module_inner\">\n\t\t\t\t\t\n\t\t\t<div class=\"el_masonry_gallery_wrapper\"data-enable_lightbox=\"off\" data-lightbox_effect=\"none\" data-enable_navigation=\"on\" data-lightbox_navigate_current=\"on\" data-isotope_transition_duration=\"400\">\n\t\t\t\t<div class=\"el_masonry_gallery_item_gutter\"><\/div>\n\t\t\t\t<div class=\"el_masonry_gallery_item\">\n\t\t\t\t\t\t<div class=\"el_masonry_gallery_image_wrapper\"><img width=\"300\" height=\"224\" src=\"https:\/\/baenaarquitectura.com\/wp-content\/uploads\/2024\/06\/Home1-300x224.jpg\" class=\"attachment-medium size-medium no-lazyload skip-lazy\" alt=\"\" decoding=\"async\" loading=\"lazy\" \/> <\/div>\n\t\t\t\t\t\t\n\t\t\t\t\t<\/div><div class=\"el_masonry_gallery_item\">\n\t\t\t\t\t\t<div class=\"el_masonry_gallery_image_wrapper\"><img width=\"224\" height=\"300\" src=\"https:\/\/baenaarquitectura.com\/wp-content\/uploads\/2024\/06\/Marbella-Retail-3-224x300.jpg\" class=\"attachment-medium size-medium no-lazyload skip-lazy\" alt=\"\" decoding=\"async\" loading=\"lazy\" \/> <\/div>\n\t\t\t\t\t\t\n\t\t\t\t\t<\/div><div class=\"el_masonry_gallery_item\">\n\t\t\t\t\t\t<div class=\"el_masonry_gallery_image_wrapper\"><img width=\"224\" height=\"300\" src=\"https:\/\/baenaarquitectura.com\/wp-content\/uploads\/2024\/06\/Marbella-Retail-2-224x300.jpg\" class=\"attachment-medium size-medium no-lazyload skip-lazy\" alt=\"\" decoding=\"async\" loading=\"lazy\" \/> <\/div>\n\t\t\t\t\t\t\n\t\t\t\t\t<\/div><div class=\"el_masonry_gallery_item\">\n\t\t\t\t\t\t<div class=\"el_masonry_gallery_image_wrapper\"><img width=\"300\" height=\"201\" src=\"https:\/\/baenaarquitectura.com\/wp-content\/uploads\/2024\/06\/Marbella-Retail-1-300x201.jpg\" class=\"attachment-medium size-medium no-lazyload skip-lazy\" alt=\"\" decoding=\"async\" loading=\"lazy\" \/> <\/div>\n\t\t\t\t\t\t\n\t\t\t\t\t<\/div><div class=\"el_masonry_gallery_item\">\n\t\t\t\t\t\t<div class=\"el_masonry_gallery_image_wrapper\"><img width=\"300\" height=\"212\" src=\"https:\/\/baenaarquitectura.com\/wp-content\/uploads\/2024\/06\/Marbella-Retail-7-300x212.jpg\" class=\"attachment-medium size-medium no-lazyload skip-lazy\" alt=\"\" decoding=\"async\" loading=\"lazy\" srcset=\"https:\/\/baenaarquitectura.com\/wp-content\/uploads\/2024\/06\/Marbella-Retail-7-300x212.jpg 300w, https:\/\/baenaarquitectura.com\/wp-content\/uploads\/2024\/06\/Marbella-Retail-7-400x284.jpg 400w, https:\/\/baenaarquitectura.com\/wp-content\/uploads\/2024\/06\/Marbella-Retail-7.jpg 480w\" sizes=\"auto, (max-width: 300px) 100vw, 300px\" \/> <\/div>\n\t\t\t\t\t\t\n\t\t\t\t\t<\/div><div class=\"el_masonry_gallery_item\">\n\t\t\t\t\t\t<div class=\"el_masonry_gallery_image_wrapper\"><img width=\"300\" height=\"201\" src=\"https:\/\/baenaarquitectura.com\/wp-content\/uploads\/2024\/06\/Marbella-Retail-8-300x201.jpg\" class=\"attachment-medium size-medium no-lazyload skip-lazy\" alt=\"\" decoding=\"async\" loading=\"lazy\" \/> <\/div>\n\t\t\t\t\t\t\n\t\t\t\t\t<\/div><div class=\"el_masonry_gallery_item\">\n\t\t\t\t\t\t<div class=\"el_masonry_gallery_image_wrapper\"><img width=\"300\" height=\"201\" src=\"https:\/\/baenaarquitectura.com\/wp-content\/uploads\/2024\/06\/Marbella-Retail-6-300x201.jpg\" class=\"attachment-medium size-medium no-lazyload skip-lazy\" alt=\"Marbella\" decoding=\"async\" loading=\"lazy\" \/> <\/div>\n\t\t\t\t\t\t\n\t\t\t\t\t<\/div><div class=\"el_masonry_gallery_item\">\n\t\t\t\t\t\t<div class=\"el_masonry_gallery_image_wrapper\"><img width=\"224\" height=\"300\" src=\"https:\/\/baenaarquitectura.com\/wp-content\/uploads\/2024\/06\/Marbella-Retail-5-224x300.jpg\" class=\"attachment-medium size-medium no-lazyload skip-lazy\" alt=\"\" decoding=\"async\" loading=\"lazy\" \/> <\/div>\n\t\t\t\t\t\t\n\t\t\t\t\t<\/div>\n\t\t\t<\/div>\n\t\t\t\n\t\t\t\t<\/div>\n\t\t\t<\/div><div class=\"et_pb_module dsm_masonry_gallery dsm_masonry_gallery_0\">\n\t\t\t\t\n\t\t\t\t\n\t\t\t\t\n\t\t\t\t\n\t\t\t\t\n\t\t\t\t\n\t\t\t\t<div class=\"et_pb_module_inner\">\n\t\t\t\t\t<div class=\"dsm-gallery grid dsm_masonry_zoom_hover\" data-lightbox=\"true\" data-horizontalorder=\"true\">\n                <div class=\"grid-sizer\"><\/div><div class=\"gutter-sizer\"><\/div><div class=\"grid-item\">\n                    <a href=\"https:\/\/baenaarquitectura.com\/wp-content\/uploads\/2024\/06\/Marbella-Retail-1.jpg\"  data-title='Marbella (Retail) (1)'  data-caption='' data-mfp-src=\"https:\/\/baenaarquitectura.com\/wp-content\/uploads\/2024\/06\/Marbella-Retail-1.jpg\">\n                        <div class=\"et_pb_image_wrap\">\n                            <img loading=\"lazy\" decoding=\"async\" src=\"https:\/\/baenaarquitectura.com\/wp-content\/uploads\/2024\/06\/Marbella-Retail-1.jpg\" title=\"Marbella (Retail) (1)\" alt=\"\" class=\"dsm-skip-lazyload\" srcset=\"https:\/\/baenaarquitectura.com\/wp-content\/uploads\/2024\/06\/Marbella-Retail-1.jpg 1280w, https:\/\/baenaarquitectura.com\/wp-content\/uploads\/2024\/06\/Marbella-Retail-1-980x656.jpg 980w, https:\/\/baenaarquitectura.com\/wp-content\/uploads\/2024\/06\/Marbella-Retail-1-480x321.jpg 480w\" sizes=\"auto, (min-width: 0px) and (max-width: 480px) 480px, (min-width: 481px) and (max-width: 980px) 980px, (min-width: 981px) 1280px, 100vw\" width=\"1280\" height=\"857\" \/>\n                            \n                        <\/div>\n                    <\/a>\n                <\/div><div class=\"grid-item\">\n                    <a href=\"https:\/\/baenaarquitectura.com\/wp-content\/uploads\/2024\/06\/Marbella-Retail-2.jpg\"  data-title='Marbella (Retail) (2)'  data-caption='' data-mfp-src=\"https:\/\/baenaarquitectura.com\/wp-content\/uploads\/2024\/06\/Marbella-Retail-2.jpg\">\n                        <div class=\"et_pb_image_wrap\">\n                            <img loading=\"lazy\" decoding=\"async\" src=\"https:\/\/baenaarquitectura.com\/wp-content\/uploads\/2024\/06\/Marbella-Retail-2.jpg\" title=\"Marbella (Retail) (2)\" alt=\"\" class=\"dsm-skip-lazyload\" srcset=\"https:\/\/baenaarquitectura.com\/wp-content\/uploads\/2024\/06\/Marbella-Retail-2.jpg 1280w, https:\/\/baenaarquitectura.com\/wp-content\/uploads\/2024\/06\/Marbella-Retail-2-980x1312.jpg 980w, https:\/\/baenaarquitectura.com\/wp-content\/uploads\/2024\/06\/Marbella-Retail-2-480x643.jpg 480w\" sizes=\"auto, (min-width: 0px) and (max-width: 480px) 480px, (min-width: 481px) and (max-width: 980px) 980px, (min-width: 981px) 1280px, 100vw\" width=\"1280\" height=\"1714\" \/>\n                            \n                        <\/div>\n                    <\/a>\n                <\/div><div class=\"grid-item\">\n                    <a href=\"https:\/\/baenaarquitectura.com\/wp-content\/uploads\/2024\/06\/Marbella-Retail-3.jpg\"  data-title='Marbella (Retail) (3)'  data-caption='' data-mfp-src=\"https:\/\/baenaarquitectura.com\/wp-content\/uploads\/2024\/06\/Marbella-Retail-3.jpg\">\n                        <div class=\"et_pb_image_wrap\">\n                            <img loading=\"lazy\" decoding=\"async\" src=\"https:\/\/baenaarquitectura.com\/wp-content\/uploads\/2024\/06\/Marbella-Retail-3.jpg\" title=\"Marbella (Retail) (3)\" alt=\"\" class=\"dsm-skip-lazyload\" srcset=\"https:\/\/baenaarquitectura.com\/wp-content\/uploads\/2024\/06\/Marbella-Retail-3.jpg 1280w, https:\/\/baenaarquitectura.com\/wp-content\/uploads\/2024\/06\/Marbella-Retail-3-980x1312.jpg 980w, https:\/\/baenaarquitectura.com\/wp-content\/uploads\/2024\/06\/Marbella-Retail-3-480x643.jpg 480w\" sizes=\"auto, (min-width: 0px) and (max-width: 480px) 480px, (min-width: 481px) and (max-width: 980px) 980px, (min-width: 981px) 1280px, 100vw\" width=\"1280\" height=\"1714\" \/>\n                            \n                        <\/div>\n                    <\/a>\n                <\/div><div class=\"grid-item\">\n                    <a href=\"https:\/\/baenaarquitectura.com\/wp-content\/uploads\/2024\/06\/Marbella-Retail-4.jpg\"  data-title='Marbella (Retail) (4)'  data-caption='' data-mfp-src=\"https:\/\/baenaarquitectura.com\/wp-content\/uploads\/2024\/06\/Marbella-Retail-4.jpg\">\n                        <div class=\"et_pb_image_wrap\">\n                            <img loading=\"lazy\" decoding=\"async\" src=\"https:\/\/baenaarquitectura.com\/wp-content\/uploads\/2024\/06\/Marbella-Retail-4.jpg\" title=\"Marbella (Retail) (4)\" alt=\"\" class=\"dsm-skip-lazyload\" srcset=\"https:\/\/baenaarquitectura.com\/wp-content\/uploads\/2024\/06\/Marbella-Retail-4.jpg 1280w, https:\/\/baenaarquitectura.com\/wp-content\/uploads\/2024\/06\/Marbella-Retail-4-980x732.jpg 980w, https:\/\/baenaarquitectura.com\/wp-content\/uploads\/2024\/06\/Marbella-Retail-4-480x359.jpg 480w\" sizes=\"auto, (min-width: 0px) and (max-width: 480px) 480px, (min-width: 481px) and (max-width: 980px) 980px, (min-width: 981px) 1280px, 100vw\" width=\"1280\" height=\"956\" \/>\n                            \n                        <\/div>\n                    <\/a>\n                <\/div><div class=\"grid-item\">\n                    <a href=\"https:\/\/baenaarquitectura.com\/wp-content\/uploads\/2024\/06\/Marbella-Retail-5.jpg\"  data-title='Marbella (Retail) (5)'  data-caption='' data-mfp-src=\"https:\/\/baenaarquitectura.com\/wp-content\/uploads\/2024\/06\/Marbella-Retail-5.jpg\">\n                        <div class=\"et_pb_image_wrap\">\n                            <img loading=\"lazy\" decoding=\"async\" src=\"https:\/\/baenaarquitectura.com\/wp-content\/uploads\/2024\/06\/Marbella-Retail-5.jpg\" title=\"Marbella (Retail) (5)\" alt=\"\" class=\"dsm-skip-lazyload\" srcset=\"https:\/\/baenaarquitectura.com\/wp-content\/uploads\/2024\/06\/Marbella-Retail-5.jpg 1280w, https:\/\/baenaarquitectura.com\/wp-content\/uploads\/2024\/06\/Marbella-Retail-5-980x1312.jpg 980w, https:\/\/baenaarquitectura.com\/wp-content\/uploads\/2024\/06\/Marbella-Retail-5-480x643.jpg 480w\" sizes=\"auto, (min-width: 0px) and (max-width: 480px) 480px, (min-width: 481px) and (max-width: 980px) 980px, (min-width: 981px) 1280px, 100vw\" width=\"1280\" height=\"1714\" \/>\n                            \n                        <\/div>\n                    <\/a>\n                <\/div><div class=\"grid-item\">\n                    <a href=\"https:\/\/baenaarquitectura.com\/wp-content\/uploads\/2024\/06\/Marbella-Retail-6.jpg\"  data-title='Marbella (Retail) (6)'  data-caption='' data-mfp-src=\"https:\/\/baenaarquitectura.com\/wp-content\/uploads\/2024\/06\/Marbella-Retail-6.jpg\">\n                        <div class=\"et_pb_image_wrap\">\n                            <img loading=\"lazy\" decoding=\"async\" src=\"https:\/\/baenaarquitectura.com\/wp-content\/uploads\/2024\/06\/Marbella-Retail-6.jpg\" title=\"Marbella (Retail) (6)\" alt=\"Marbella\" class=\"dsm-skip-lazyload\" srcset=\"https:\/\/baenaarquitectura.com\/wp-content\/uploads\/2024\/06\/Marbella-Retail-6.jpg 1280w, https:\/\/baenaarquitectura.com\/wp-content\/uploads\/2024\/06\/Marbella-Retail-6-980x656.jpg 980w, https:\/\/baenaarquitectura.com\/wp-content\/uploads\/2024\/06\/Marbella-Retail-6-480x321.jpg 480w\" sizes=\"auto, (min-width: 0px) and (max-width: 480px) 480px, (min-width: 481px) and (max-width: 980px) 980px, (min-width: 981px) 1280px, 100vw\" width=\"1280\" height=\"857\" \/>\n                            \n                        <\/div>\n                    <\/a>\n                <\/div><div class=\"grid-item\">\n                    <a href=\"https:\/\/baenaarquitectura.com\/wp-content\/uploads\/2024\/06\/Marbella-Retail-7.jpg\"  data-title='Marbella (Retail) (7)'  data-caption='' data-mfp-src=\"https:\/\/baenaarquitectura.com\/wp-content\/uploads\/2024\/06\/Marbella-Retail-7.jpg\">\n                        <div class=\"et_pb_image_wrap\">\n                            <img loading=\"lazy\" decoding=\"async\" src=\"https:\/\/baenaarquitectura.com\/wp-content\/uploads\/2024\/06\/Marbella-Retail-7.jpg\" title=\"Marbella (Retail) (7)\" alt=\"\" class=\"dsm-skip-lazyload\" srcset=\"https:\/\/baenaarquitectura.com\/wp-content\/uploads\/2024\/06\/Marbella-Retail-7.jpg 480w, https:\/\/baenaarquitectura.com\/wp-content\/uploads\/2024\/06\/Marbella-Retail-7-300x212.jpg 300w, https:\/\/baenaarquitectura.com\/wp-content\/uploads\/2024\/06\/Marbella-Retail-7-400x284.jpg 400w\" sizes=\"auto, (max-width: 480px) 100vw, 480px\" width=\"480\" height=\"339\" \/>\n                            \n                        <\/div>\n                    <\/a>\n                <\/div><div class=\"grid-item\">\n                    <a href=\"https:\/\/baenaarquitectura.com\/wp-content\/uploads\/2024\/06\/Marbella-Retail-8.jpg\"  data-title='Marbella (Retail) (8)'  data-caption='' data-mfp-src=\"https:\/\/baenaarquitectura.com\/wp-content\/uploads\/2024\/06\/Marbella-Retail-8.jpg\">\n                        <div class=\"et_pb_image_wrap\">\n                            <img loading=\"lazy\" decoding=\"async\" src=\"https:\/\/baenaarquitectura.com\/wp-content\/uploads\/2024\/06\/Marbella-Retail-8.jpg\" title=\"Marbella (Retail) (8)\" alt=\"\" class=\"dsm-skip-lazyload\" srcset=\"https:\/\/baenaarquitectura.com\/wp-content\/uploads\/2024\/06\/Marbella-Retail-8.jpg 960w, https:\/\/baenaarquitectura.com\/wp-content\/uploads\/2024\/06\/Marbella-Retail-8-480x322.jpg 480w\" sizes=\"auto, (min-width: 0px) and (max-width: 480px) 480px, (min-width: 481px) 960px, 100vw\" width=\"960\" height=\"643\" \/>\n                            \n                        <\/div>\n                    <\/a>\n                <\/div>\n             <\/div>\n\t\t\t\t<\/div>\n\t\t\t<\/div>+ Proyectos<div class=\"et_pb_module dsm_post_carousel dsm_post_carousel_0\">\n\t\t\t\t\n\t\t\t\t\n\t\t\t\t\n\t\t\t\t\n\t\t\t\t\n\t\t\t\t\n\t\t\t\t<div class=\"et_pb_module_inner\">\n\t\t\t\t\t\n\t\t\t<div class=\"dsm-post-carousel\" data-orientation='horizontal' data-loop='1' data-speed='500' data-columnsdesktop='3' data-columnsphone='1' data-columnstablet='2' data-autoplay='on' data-autoplayspeed='5000' data-ordernumber='0' data-spacing='10' data-spacingtablet='10' data-spacingphone='10' data-effect='default' data-effect-shadows='off' data-effect-coverflow-rotate='30' data-effect-coverflow-depth='100' data-centered='off' data-multi-row='off' data-row='1' data-rowstablet='1' data-rowsphone='1' data-pagi-button-style='bullets' data-pause-on-hover='off' data-touch-move='off' data-grab='on' data-mousewheel='off' data-autoplay-viewport='50%'>\n\t\t\t\t<div class=\"swiper-container\">\n\t\t\t\t\t<div class=\"dsm-post-carousel-wrapper swiper-wrapper\">\n\t\t\t\t\t\t\n\t\t\t\t<article class=\"dsm-post-carousel-item swiper-slide\">\n\t\t\t\t\t<div class=\"dsm-grid-post-holder-inner\">\n\n\t\t\t\t\t\t\t\t\t\t\t\t\t<div class=\"dsm-entry-image\">\n\t\t\t\t\t\t\t\t\t\t\t\t\t\t\t\t<div class=\"dsm-entry-thumbnail\">\n\t\t\t\t\t\t\t\t\t<a href=\"https:\/\/baenaarquitectura.com\/en\/project\/formacion\/\">\n\t\t\t\t\t\t\t\t\t\t<img width=\"778\" height=\"438\" src=\"https:\/\/baenaarquitectura.com\/wp-content\/uploads\/2024\/07\/Formacion-17.jpg\" class=\"skip-lazy wp-post-image\" alt=\"Formacion\" decoding=\"async\" loading=\"lazy\" srcset=\"https:\/\/baenaarquitectura.com\/wp-content\/uploads\/2024\/07\/Formacion-17.jpg 778w, https:\/\/baenaarquitectura.com\/wp-content\/uploads\/2024\/07\/Formacion-17-480x270.jpg 480w\" sizes=\"auto, (min-width: 0px) and (max-width: 480px) 480px, (min-width: 481px) 778px, 100vw\" \/>\t\t\t\t\t\t\t\t\t<\/a>\n\t\t\t\t\t\t\t\t<\/div>\n\t\t\t\t\t\t\t<\/div>\n\t\t\t\t\t\t\n\t\t\t\t\t\t<div class=\"dsm-entry-wrapper\">\n\t\t\t\t\t\t\t\t\t\t\t\t\t\t\t<header class=\"dsm-entry-header\">\n\t\t\t\t\t\t\t\t\t<h3 class=\"dsm-entry-title\">\n\t\t\t\t\t\t\t\t\t\t<a href=\"https:\/\/baenaarquitectura.com\/en\/project\/formacion\/\" title=\"Formaci\u00f3n\">\n\t\t\t\t\t\t\t\t\t\t\tFormaci\u00f3n\t\t\t\t\t\t\t\t\t\t<\/a>\n\t\t\t\t\t\t\t\t\t<\/h3>\n\t\t\t\t\t\t\t\t<\/header>\n\t\t\t\t\t\t\t\t\t\t\t\t\t\t\n\t\t\t\t\t\t\t\n\t\t\t\t\t\t\t\t\t\t\t\t\t\t\t<div class=\"dsm-readmore-wrap et_pb_bg_layout_light\">\n\t\t\t\t\t\t\t\t\t<a href=\"https:\/\/baenaarquitectura.com\/en\/project\/formacion\/\" class=\"dsm-readmore-btn  et_pb_button\" data-icon=\"5\">\n\t\t\t\t\t\t\t\t\t\t+\t\t\t\t\t\t\t\t\t<\/a>\n\t\t\t\t\t\t\t\t<\/div>\n\t\t\t\t\t\t\t\n\t\t\t\t\t\t\t\t\t\t\t\t\t<\/div>\n\t\t\t\t\t<\/div>\n\t\t\t\t<\/article>\n\n\t\t\t\t\n\t\t\t\t<article class=\"dsm-post-carousel-item swiper-slide\">\n\t\t\t\t\t<div class=\"dsm-grid-post-holder-inner\">\n\n\t\t\t\t\t\t\t\t\t\t\t\t\t<div class=\"dsm-entry-image\">\n\t\t\t\t\t\t\t\t\t\t\t\t\t\t\t\t<div class=\"dsm-entry-thumbnail\">\n\t\t\t\t\t\t\t\t\t<a href=\"https:\/\/baenaarquitectura.com\/en\/project\/cerrado-de-calderon-2-2\/\">\n\t\t\t\t\t\t\t\t\t\t<img width=\"1080\" height=\"675\" src=\"https:\/\/baenaarquitectura.com\/wp-content\/uploads\/2024\/06\/Dalias-5-1080x675.jpg\" class=\"skip-lazy wp-post-image\" alt=\"\" decoding=\"async\" loading=\"lazy\" srcset=\"https:\/\/baenaarquitectura.com\/wp-content\/uploads\/2024\/06\/Dalias-5-980x551.jpg 980w, https:\/\/baenaarquitectura.com\/wp-content\/uploads\/2024\/06\/Dalias-5-480x270.jpg 480w\" sizes=\"auto, (min-width: 0px) and (max-width: 480px) 480px, (min-width: 481px) and (max-width: 980px) 980px, (min-width: 981px) 1080px, 100vw\" \/>\t\t\t\t\t\t\t\t\t<\/a>\n\t\t\t\t\t\t\t\t<\/div>\n\t\t\t\t\t\t\t<\/div>\n\t\t\t\t\t\t\n\t\t\t\t\t\t<div class=\"dsm-entry-wrapper\">\n\t\t\t\t\t\t\t\t\t\t\t\t\t\t\t<header class=\"dsm-entry-header\">\n\t\t\t\t\t\t\t\t\t<h3 class=\"dsm-entry-title\">\n\t\t\t\t\t\t\t\t\t\t<a href=\"https:\/\/baenaarquitectura.com\/en\/project\/cerrado-de-calderon-2-2\/\" title=\"Vivienda unifamiliar bioclim\u00e1tica\">\n\t\t\t\t\t\t\t\t\t\t\tVivienda unifamiliar bioclim\u00e1tica\t\t\t\t\t\t\t\t\t\t<\/a>\n\t\t\t\t\t\t\t\t\t<\/h3>\n\t\t\t\t\t\t\t\t<\/header>\n\t\t\t\t\t\t\t\t\t\t\t\t\t\t\n\t\t\t\t\t\t\t\n\t\t\t\t\t\t\t\t\t\t\t\t\t\t\t<div class=\"dsm-readmore-wrap et_pb_bg_layout_light\">\n\t\t\t\t\t\t\t\t\t<a href=\"https:\/\/baenaarquitectura.com\/en\/project\/cerrado-de-calderon-2-2\/\" class=\"dsm-readmore-btn  et_pb_button\" data-icon=\"5\">\n\t\t\t\t\t\t\t\t\t\t+\t\t\t\t\t\t\t\t\t<\/a>\n\t\t\t\t\t\t\t\t<\/div>\n\t\t\t\t\t\t\t\n\t\t\t\t\t\t\t\t\t\t\t\t\t<\/div>\n\t\t\t\t\t<\/div>\n\t\t\t\t<\/article>\n\n\t\t\t\t\n\t\t\t\t<article class=\"dsm-post-carousel-item swiper-slide\">\n\t\t\t\t\t<div class=\"dsm-grid-post-holder-inner\">\n\n\t\t\t\t\t\t\t\t\t\t\t\t\t<div class=\"dsm-entry-image\">\n\t\t\t\t\t\t\t\t\t\t\t\t\t\t\t\t<div class=\"dsm-entry-thumbnail\">\n\t\t\t\t\t\t\t\t\t<a href=\"https:\/\/baenaarquitectura.com\/en\/project\/unifamiliar-vivienda-bioclimatica-en-la-costa\/\">\n\t\t\t\t\t\t\t\t\t\t<img width=\"900\" height=\"600\" src=\"https:\/\/baenaarquitectura.com\/wp-content\/uploads\/2024\/06\/001.jpg\" class=\"skip-lazy wp-post-image\" alt=\"\" decoding=\"async\" loading=\"lazy\" srcset=\"https:\/\/baenaarquitectura.com\/wp-content\/uploads\/2024\/06\/001.jpg 900w, https:\/\/baenaarquitectura.com\/wp-content\/uploads\/2024\/06\/001-480x320.jpg 480w\" sizes=\"auto, (min-width: 0px) and (max-width: 480px) 480px, (min-width: 481px) 900px, 100vw\" \/>\t\t\t\t\t\t\t\t\t<\/a>\n\t\t\t\t\t\t\t\t<\/div>\n\t\t\t\t\t\t\t<\/div>\n\t\t\t\t\t\t\n\t\t\t\t\t\t<div class=\"dsm-entry-wrapper\">\n\t\t\t\t\t\t\t\t\t\t\t\t\t\t\t<header class=\"dsm-entry-header\">\n\t\t\t\t\t\t\t\t\t<h3 class=\"dsm-entry-title\">\n\t\t\t\t\t\t\t\t\t\t<a href=\"https:\/\/baenaarquitectura.com\/en\/project\/unifamiliar-vivienda-bioclimatica-en-la-costa\/\" title=\"Unifamiliar Vivienda BIOCLIMATICA EN LA COSTA\">\n\t\t\t\t\t\t\t\t\t\t\tUnifamiliar Vivienda BIOCLIMATICA EN LA COSTA\t\t\t\t\t\t\t\t\t\t<\/a>\n\t\t\t\t\t\t\t\t\t<\/h3>\n\t\t\t\t\t\t\t\t<\/header>\n\t\t\t\t\t\t\t\t\t\t\t\t\t\t\n\t\t\t\t\t\t\t\n\t\t\t\t\t\t\t\t\t\t\t\t\t\t\t<div class=\"dsm-readmore-wrap et_pb_bg_layout_light\">\n\t\t\t\t\t\t\t\t\t<a href=\"https:\/\/baenaarquitectura.com\/en\/project\/unifamiliar-vivienda-bioclimatica-en-la-costa\/\" class=\"dsm-readmore-btn  et_pb_button\" data-icon=\"5\">\n\t\t\t\t\t\t\t\t\t\t+\t\t\t\t\t\t\t\t\t<\/a>\n\t\t\t\t\t\t\t\t<\/div>\n\t\t\t\t\t\t\t\n\t\t\t\t\t\t\t\t\t\t\t\t\t<\/div>\n\t\t\t\t\t<\/div>\n\t\t\t\t<\/article>\n\n\t\t\t\t\n\t\t\t\t<article class=\"dsm-post-carousel-item swiper-slide\">\n\t\t\t\t\t<div class=\"dsm-grid-post-holder-inner\">\n\n\t\t\t\t\t\t\t\t\t\t\t\t\t<div class=\"dsm-entry-image\">\n\t\t\t\t\t\t\t\t\t\t\t\t\t\t\t\t<div class=\"dsm-entry-thumbnail\">\n\t\t\t\t\t\t\t\t\t<a href=\"https:\/\/baenaarquitectura.com\/en\/project\/unifamiliar-6-viviendas-domohouse\/\">\n\t\t\t\t\t\t\t\t\t\t<img width=\"1080\" height=\"675\" src=\"https:\/\/baenaarquitectura.com\/wp-content\/uploads\/2024\/06\/Unifamiliar-6-viviendas-DOMOHOUSE-1-1080x675.jpg\" class=\"skip-lazy wp-post-image\" alt=\"\" decoding=\"async\" loading=\"lazy\" srcset=\"https:\/\/baenaarquitectura.com\/wp-content\/uploads\/2024\/06\/Unifamiliar-6-viviendas-DOMOHOUSE-1-980x551.jpg 980w, https:\/\/baenaarquitectura.com\/wp-content\/uploads\/2024\/06\/Unifamiliar-6-viviendas-DOMOHOUSE-1-480x270.jpg 480w\" sizes=\"auto, (min-width: 0px) and (max-width: 480px) 480px, (min-width: 481px) and (max-width: 980px) 980px, (min-width: 981px) 1080px, 100vw\" \/>\t\t\t\t\t\t\t\t\t<\/a>\n\t\t\t\t\t\t\t\t<\/div>\n\t\t\t\t\t\t\t<\/div>\n\t\t\t\t\t\t\n\t\t\t\t\t\t<div class=\"dsm-entry-wrapper\">\n\t\t\t\t\t\t\t\t\t\t\t\t\t\t\t<header class=\"dsm-entry-header\">\n\t\t\t\t\t\t\t\t\t<h3 class=\"dsm-entry-title\">\n\t\t\t\t\t\t\t\t\t\t<a href=\"https:\/\/baenaarquitectura.com\/en\/project\/unifamiliar-6-viviendas-domohouse\/\" title=\"Unifamiliar 6 Viviendas DOMOHOUSE\">\n\t\t\t\t\t\t\t\t\t\t\tUnifamiliar 6 Viviendas DOMOHOUSE\t\t\t\t\t\t\t\t\t\t<\/a>\n\t\t\t\t\t\t\t\t\t<\/h3>\n\t\t\t\t\t\t\t\t<\/header>\n\t\t\t\t\t\t\t\t\t\t\t\t\t\t\n\t\t\t\t\t\t\t\n\t\t\t\t\t\t\t\t\t\t\t\t\t\t\t<div class=\"dsm-readmore-wrap et_pb_bg_layout_light\">\n\t\t\t\t\t\t\t\t\t<a href=\"https:\/\/baenaarquitectura.com\/en\/project\/unifamiliar-6-viviendas-domohouse\/\" class=\"dsm-readmore-btn  et_pb_button\" data-icon=\"5\">\n\t\t\t\t\t\t\t\t\t\t+\t\t\t\t\t\t\t\t\t<\/a>\n\t\t\t\t\t\t\t\t<\/div>\n\t\t\t\t\t\t\t\n\t\t\t\t\t\t\t\t\t\t\t\t\t<\/div>\n\t\t\t\t\t<\/div>\n\t\t\t\t<\/article>\n\n\t\t\t\t\n\t\t\t\t<article class=\"dsm-post-carousel-item swiper-slide\">\n\t\t\t\t\t<div class=\"dsm-grid-post-holder-inner\">\n\n\t\t\t\t\t\t\t\t\t\t\t\t\t<div class=\"dsm-entry-image\">\n\t\t\t\t\t\t\t\t\t\t\t\t\t\t\t\t<div class=\"dsm-entry-thumbnail\">\n\t\t\t\t\t\t\t\t\t<a href=\"https:\/\/baenaarquitectura.com\/en\/project\/cerrado-de-calderon\/\">\n\t\t\t\t\t\t\t\t\t\t<img width=\"1080\" height=\"675\" src=\"https:\/\/baenaarquitectura.com\/wp-content\/uploads\/2024\/06\/cerrado-de-calderon-Malaga-2-1080x675.jpg\" class=\"skip-lazy wp-post-image\" alt=\"\" decoding=\"async\" loading=\"lazy\" srcset=\"https:\/\/baenaarquitectura.com\/wp-content\/uploads\/2024\/06\/cerrado-de-calderon-Malaga-2-980x551.jpg 980w, https:\/\/baenaarquitectura.com\/wp-content\/uploads\/2024\/06\/cerrado-de-calderon-Malaga-2-480x270.jpg 480w\" sizes=\"auto, (min-width: 0px) and (max-width: 480px) 480px, (min-width: 481px) and (max-width: 980px) 980px, (min-width: 981px) 1080px, 100vw\" \/>\t\t\t\t\t\t\t\t\t<\/a>\n\t\t\t\t\t\t\t\t<\/div>\n\t\t\t\t\t\t\t<\/div>\n\t\t\t\t\t\t\n\t\t\t\t\t\t<div class=\"dsm-entry-wrapper\">\n\t\t\t\t\t\t\t\t\t\t\t\t\t\t\t<header class=\"dsm-entry-header\">\n\t\t\t\t\t\t\t\t\t<h3 class=\"dsm-entry-title\">\n\t\t\t\t\t\t\t\t\t\t<a href=\"https:\/\/baenaarquitectura.com\/en\/project\/cerrado-de-calderon\/\" title=\"Cerrado de calderon\">\n\t\t\t\t\t\t\t\t\t\t\tCerrado de calderon\t\t\t\t\t\t\t\t\t\t<\/a>\n\t\t\t\t\t\t\t\t\t<\/h3>\n\t\t\t\t\t\t\t\t<\/header>\n\t\t\t\t\t\t\t\t\t\t\t\t\t\t\n\t\t\t\t\t\t\t\n\t\t\t\t\t\t\t\t\t\t\t\t\t\t\t<div class=\"dsm-readmore-wrap et_pb_bg_layout_light\">\n\t\t\t\t\t\t\t\t\t<a href=\"https:\/\/baenaarquitectura.com\/en\/project\/cerrado-de-calderon\/\" class=\"dsm-readmore-btn  et_pb_button\" data-icon=\"5\">\n\t\t\t\t\t\t\t\t\t\t+\t\t\t\t\t\t\t\t\t<\/a>\n\t\t\t\t\t\t\t\t<\/div>\n\t\t\t\t\t\t\t\n\t\t\t\t\t\t\t\t\t\t\t\t\t<\/div>\n\t\t\t\t\t<\/div>\n\t\t\t\t<\/article>\n\n\t\t\t\t\n\t\t\t\t<article class=\"dsm-post-carousel-item swiper-slide\">\n\t\t\t\t\t<div class=\"dsm-grid-post-holder-inner\">\n\n\t\t\t\t\t\t\t\t\t\t\t\t\t<div class=\"dsm-entry-image\">\n\t\t\t\t\t\t\t\t\t\t\t\t\t\t\t\t<div class=\"dsm-entry-thumbnail\">\n\t\t\t\t\t\t\t\t\t<a href=\"https:\/\/baenaarquitectura.com\/en\/project\/roquetas-de-mar\/\">\n\t\t\t\t\t\t\t\t\t\t<img width=\"1080\" height=\"675\" src=\"https:\/\/baenaarquitectura.com\/wp-content\/uploads\/2024\/07\/Img.01-1080x675.jpg\" class=\"skip-lazy wp-post-image\" alt=\"Building\" decoding=\"async\" loading=\"lazy\" srcset=\"https:\/\/baenaarquitectura.com\/wp-content\/uploads\/2024\/07\/Img.01-1080x675.jpg 1080w, https:\/\/baenaarquitectura.com\/wp-content\/uploads\/2024\/07\/Img.01-980x788.jpg 980w, https:\/\/baenaarquitectura.com\/wp-content\/uploads\/2024\/07\/Img.01-480x386.jpg 480w\" sizes=\"auto, (min-width: 0px) and (max-width: 480px) 480px, (min-width: 481px) and (max-width: 980px) 980px, (min-width: 981px) 1080px, 100vw\" \/>\t\t\t\t\t\t\t\t\t<\/a>\n\t\t\t\t\t\t\t\t<\/div>\n\t\t\t\t\t\t\t<\/div>\n\t\t\t\t\t\t\n\t\t\t\t\t\t<div class=\"dsm-entry-wrapper\">\n\t\t\t\t\t\t\t\t\t\t\t\t\t\t\t<header class=\"dsm-entry-header\">\n\t\t\t\t\t\t\t\t\t<h3 class=\"dsm-entry-title\">\n\t\t\t\t\t\t\t\t\t\t<a href=\"https:\/\/baenaarquitectura.com\/en\/project\/roquetas-de-mar\/\" title=\"Vivienda unifamiliar aislada en Roquetas de Mar\">\n\t\t\t\t\t\t\t\t\t\t\tVivienda unifamiliar aislada en Roquetas de Mar\t\t\t\t\t\t\t\t\t\t<\/a>\n\t\t\t\t\t\t\t\t\t<\/h3>\n\t\t\t\t\t\t\t\t<\/header>\n\t\t\t\t\t\t\t\t\t\t\t\t\t\t\n\t\t\t\t\t\t\t\n\t\t\t\t\t\t\t\t\t\t\t\t\t\t\t<div class=\"dsm-readmore-wrap et_pb_bg_layout_light\">\n\t\t\t\t\t\t\t\t\t<a href=\"https:\/\/baenaarquitectura.com\/en\/project\/roquetas-de-mar\/\" class=\"dsm-readmore-btn  et_pb_button\" data-icon=\"5\">\n\t\t\t\t\t\t\t\t\t\t+\t\t\t\t\t\t\t\t\t<\/a>\n\t\t\t\t\t\t\t\t<\/div>\n\t\t\t\t\t\t\t\n\t\t\t\t\t\t\t\t\t\t\t\t\t<\/div>\n\t\t\t\t\t<\/div>\n\t\t\t\t<\/article>\n\n\t\t\t\t\n\t\t\t\t<article class=\"dsm-post-carousel-item swiper-slide\">\n\t\t\t\t\t<div class=\"dsm-grid-post-holder-inner\">\n\n\t\t\t\t\t\t\t\t\t\t\t\t\t<div class=\"dsm-entry-image\">\n\t\t\t\t\t\t\t\t\t\t\t\t\t\t\t\t<div class=\"dsm-entry-thumbnail\">\n\t\t\t\t\t\t\t\t\t<a href=\"https:\/\/baenaarquitectura.com\/en\/project\/diseno-de-mobililario\/\">\n\t\t\t\t\t\t\t\t\t\t<img width=\"960\" height=\"640\" src=\"https:\/\/baenaarquitectura.com\/wp-content\/uploads\/2024\/06\/Mobiliario-1.png\" class=\"skip-lazy wp-post-image\" alt=\"Mobiliario\" decoding=\"async\" loading=\"lazy\" srcset=\"https:\/\/baenaarquitectura.com\/wp-content\/uploads\/2024\/06\/Mobiliario-1.png 960w, https:\/\/baenaarquitectura.com\/wp-content\/uploads\/2024\/06\/Mobiliario-1-480x320.png 480w\" sizes=\"auto, (min-width: 0px) and (max-width: 480px) 480px, (min-width: 481px) 960px, 100vw\" \/>\t\t\t\t\t\t\t\t\t<\/a>\n\t\t\t\t\t\t\t\t<\/div>\n\t\t\t\t\t\t\t<\/div>\n\t\t\t\t\t\t\n\t\t\t\t\t\t<div class=\"dsm-entry-wrapper\">\n\t\t\t\t\t\t\t\t\t\t\t\t\t\t\t<header class=\"dsm-entry-header\">\n\t\t\t\t\t\t\t\t\t<h3 class=\"dsm-entry-title\">\n\t\t\t\t\t\t\t\t\t\t<a href=\"https:\/\/baenaarquitectura.com\/en\/project\/diseno-de-mobililario\/\" title=\"Dise\u00f1o de Mobililario\">\n\t\t\t\t\t\t\t\t\t\t\tDise\u00f1o de Mobililario\t\t\t\t\t\t\t\t\t\t<\/a>\n\t\t\t\t\t\t\t\t\t<\/h3>\n\t\t\t\t\t\t\t\t<\/header>\n\t\t\t\t\t\t\t\t\t\t\t\t\t\t\n\t\t\t\t\t\t\t\n\t\t\t\t\t\t\t\t\t\t\t\t\t\t\t<div class=\"dsm-readmore-wrap et_pb_bg_layout_light\">\n\t\t\t\t\t\t\t\t\t<a href=\"https:\/\/baenaarquitectura.com\/en\/project\/diseno-de-mobililario\/\" class=\"dsm-readmore-btn  et_pb_button\" data-icon=\"5\">\n\t\t\t\t\t\t\t\t\t\t+\t\t\t\t\t\t\t\t\t<\/a>\n\t\t\t\t\t\t\t\t<\/div>\n\t\t\t\t\t\t\t\n\t\t\t\t\t\t\t\t\t\t\t\t\t<\/div>\n\t\t\t\t\t<\/div>\n\t\t\t\t<\/article>\n\n\t\t\t\t\n\t\t\t\t<article class=\"dsm-post-carousel-item swiper-slide\">\n\t\t\t\t\t<div class=\"dsm-grid-post-holder-inner\">\n\n\t\t\t\t\t\t\t\t\t\t\t\t\t<div class=\"dsm-entry-image\">\n\t\t\t\t\t\t\t\t\t\t\t\t\t\t\t\t<div class=\"dsm-entry-thumbnail\">\n\t\t\t\t\t\t\t\t\t<a href=\"https:\/\/baenaarquitectura.com\/en\/project\/proyecto-comercial-oficina-de-farmacia\/\">\n\t\t\t\t\t\t\t\t\t\t<img width=\"338\" height=\"675\" src=\"https:\/\/baenaarquitectura.com\/wp-content\/uploads\/2024\/06\/007.jpg\" class=\"skip-lazy wp-post-image\" alt=\"Farmacia\" decoding=\"async\" loading=\"lazy\" srcset=\"https:\/\/baenaarquitectura.com\/wp-content\/uploads\/2024\/06\/007.jpg 400w, https:\/\/baenaarquitectura.com\/wp-content\/uploads\/2024\/06\/007-150x300.jpg 150w\" sizes=\"auto, (max-width: 338px) 100vw, 338px\" \/>\t\t\t\t\t\t\t\t\t<\/a>\n\t\t\t\t\t\t\t\t<\/div>\n\t\t\t\t\t\t\t<\/div>\n\t\t\t\t\t\t\n\t\t\t\t\t\t<div class=\"dsm-entry-wrapper\">\n\t\t\t\t\t\t\t\t\t\t\t\t\t\t\t<header class=\"dsm-entry-header\">\n\t\t\t\t\t\t\t\t\t<h3 class=\"dsm-entry-title\">\n\t\t\t\t\t\t\t\t\t\t<a href=\"https:\/\/baenaarquitectura.com\/en\/project\/proyecto-comercial-oficina-de-farmacia\/\" title=\"Proyecto comercial, oficina de farmacia\">\n\t\t\t\t\t\t\t\t\t\t\tProyecto comercial, oficina de farmacia\t\t\t\t\t\t\t\t\t\t<\/a>\n\t\t\t\t\t\t\t\t\t<\/h3>\n\t\t\t\t\t\t\t\t<\/header>\n\t\t\t\t\t\t\t\t\t\t\t\t\t\t\n\t\t\t\t\t\t\t\n\t\t\t\t\t\t\t\t\t\t\t\t\t\t\t<div class=\"dsm-readmore-wrap et_pb_bg_layout_light\">\n\t\t\t\t\t\t\t\t\t<a href=\"https:\/\/baenaarquitectura.com\/en\/project\/proyecto-comercial-oficina-de-farmacia\/\" class=\"dsm-readmore-btn  et_pb_button\" data-icon=\"5\">\n\t\t\t\t\t\t\t\t\t\t+\t\t\t\t\t\t\t\t\t<\/a>\n\t\t\t\t\t\t\t\t<\/div>\n\t\t\t\t\t\t\t\n\t\t\t\t\t\t\t\t\t\t\t\t\t<\/div>\n\t\t\t\t\t<\/div>\n\t\t\t\t<\/article>\n\n\t\t\t\t\n\t\t\t\t<article class=\"dsm-post-carousel-item swiper-slide\">\n\t\t\t\t\t<div class=\"dsm-grid-post-holder-inner\">\n\n\t\t\t\t\t\t\t\t\t\t\t\t\t<div class=\"dsm-entry-image\">\n\t\t\t\t\t\t\t\t\t\t\t\t\t\t\t\t<div class=\"dsm-entry-thumbnail\">\n\t\t\t\t\t\t\t\t\t<a href=\"https:\/\/baenaarquitectura.com\/en\/project\/proyecto-comercial-showroom\/\">\n\t\t\t\t\t\t\t\t\t\t<img width=\"1080\" height=\"675\" src=\"https:\/\/baenaarquitectura.com\/wp-content\/uploads\/2024\/06\/Marbella-Retail-6-1080x675.jpg\" class=\"skip-lazy wp-post-image\" alt=\"Marbella\" decoding=\"async\" loading=\"lazy\" srcset=\"https:\/\/baenaarquitectura.com\/wp-content\/uploads\/2024\/06\/Marbella-Retail-6-1080x675.jpg 1080w, https:\/\/baenaarquitectura.com\/wp-content\/uploads\/2024\/06\/Marbella-Retail-6-980x656.jpg 980w, https:\/\/baenaarquitectura.com\/wp-content\/uploads\/2024\/06\/Marbella-Retail-6-480x321.jpg 480w\" sizes=\"auto, (min-width: 0px) and (max-width: 480px) 480px, (min-width: 481px) and (max-width: 980px) 980px, (min-width: 981px) 1080px, 100vw\" \/>\t\t\t\t\t\t\t\t\t<\/a>\n\t\t\t\t\t\t\t\t<\/div>\n\t\t\t\t\t\t\t<\/div>\n\t\t\t\t\t\t\n\t\t\t\t\t\t<div class=\"dsm-entry-wrapper\">\n\t\t\t\t\t\t\t\t\t\t\t\t\t\t\t<header class=\"dsm-entry-header\">\n\t\t\t\t\t\t\t\t\t<h3 class=\"dsm-entry-title\">\n\t\t\t\t\t\t\t\t\t\t<a href=\"https:\/\/baenaarquitectura.com\/en\/project\/proyecto-comercial-showroom\/\" title=\"Proyecto comercial, Showroom\">\n\t\t\t\t\t\t\t\t\t\t\tProyecto comercial, Showroom\t\t\t\t\t\t\t\t\t\t<\/a>\n\t\t\t\t\t\t\t\t\t<\/h3>\n\t\t\t\t\t\t\t\t<\/header>\n\t\t\t\t\t\t\t\t\t\t\t\t\t\t\n\t\t\t\t\t\t\t\n\t\t\t\t\t\t\t\t\t\t\t\t\t\t\t<div class=\"dsm-readmore-wrap et_pb_bg_layout_light\">\n\t\t\t\t\t\t\t\t\t<a href=\"https:\/\/baenaarquitectura.com\/en\/project\/proyecto-comercial-showroom\/\" class=\"dsm-readmore-btn  et_pb_button\" data-icon=\"5\">\n\t\t\t\t\t\t\t\t\t\t+\t\t\t\t\t\t\t\t\t<\/a>\n\t\t\t\t\t\t\t\t<\/div>\n\t\t\t\t\t\t\t\n\t\t\t\t\t\t\t\t\t\t\t\t\t<\/div>\n\t\t\t\t\t<\/div>\n\t\t\t\t<\/article>\n\n\t\t\t\t\n\t\t\t\t<article class=\"dsm-post-carousel-item swiper-slide\">\n\t\t\t\t\t<div class=\"dsm-grid-post-holder-inner\">\n\n\t\t\t\t\t\t\t\t\t\t\t\t\t<div class=\"dsm-entry-image\">\n\t\t\t\t\t\t\t\t\t\t\t\t\t\t\t\t<div class=\"dsm-entry-thumbnail\">\n\t\t\t\t\t\t\t\t\t<a href=\"https:\/\/baenaarquitectura.com\/en\/project\/ingenieria\/\">\n\t\t\t\t\t\t\t\t\t\t<img width=\"1080\" height=\"675\" src=\"https:\/\/baenaarquitectura.com\/wp-content\/uploads\/2024\/06\/Ingenieria-7-1080x675.jpg\" class=\"skip-lazy wp-post-image\" alt=\"Ingenieria\" decoding=\"async\" loading=\"lazy\" srcset=\"https:\/\/baenaarquitectura.com\/wp-content\/uploads\/2024\/06\/Ingenieria-7-1080x675.jpg 1080w, https:\/\/baenaarquitectura.com\/wp-content\/uploads\/2024\/06\/Ingenieria-7-980x668.jpg 980w, https:\/\/baenaarquitectura.com\/wp-content\/uploads\/2024\/06\/Ingenieria-7-480x327.jpg 480w\" sizes=\"auto, (min-width: 0px) and (max-width: 480px) 480px, (min-width: 481px) and (max-width: 980px) 980px, (min-width: 981px) 1080px, 100vw\" \/>\t\t\t\t\t\t\t\t\t<\/a>\n\t\t\t\t\t\t\t\t<\/div>\n\t\t\t\t\t\t\t<\/div>\n\t\t\t\t\t\t\n\t\t\t\t\t\t<div class=\"dsm-entry-wrapper\">\n\t\t\t\t\t\t\t\t\t\t\t\t\t\t\t<header class=\"dsm-entry-header\">\n\t\t\t\t\t\t\t\t\t<h3 class=\"dsm-entry-title\">\n\t\t\t\t\t\t\t\t\t\t<a href=\"https:\/\/baenaarquitectura.com\/en\/project\/ingenieria\/\" title=\"Ingenier\u00eda\">\n\t\t\t\t\t\t\t\t\t\t\tIngenier\u00eda\t\t\t\t\t\t\t\t\t\t<\/a>\n\t\t\t\t\t\t\t\t\t<\/h3>\n\t\t\t\t\t\t\t\t<\/header>\n\t\t\t\t\t\t\t\t\t\t\t\t\t\t\n\t\t\t\t\t\t\t\n\t\t\t\t\t\t\t\t\t\t\t\t\t\t\t<div class=\"dsm-readmore-wrap et_pb_bg_layout_light\">\n\t\t\t\t\t\t\t\t\t<a href=\"https:\/\/baenaarquitectura.com\/en\/project\/ingenieria\/\" class=\"dsm-readmore-btn  et_pb_button\" data-icon=\"5\">\n\t\t\t\t\t\t\t\t\t\t+\t\t\t\t\t\t\t\t\t<\/a>\n\t\t\t\t\t\t\t\t<\/div>\n\t\t\t\t\t\t\t\n\t\t\t\t\t\t\t\t\t\t\t\t\t<\/div>\n\t\t\t\t\t<\/div>\n\t\t\t\t<\/article>\n\n\t\t\t\t\n\t\t\t\t\t<\/div>\n\t\t\t\t<\/div>\n\t\t\t\t\n\t\t\t\t<div class=\"swiper-container-horizontal\">\n\t\t\t\t\t<div class=\"swiper-pagination dsm-post-pagination0\"><\/div>\n\t\t\t\t<\/div>\n\t\t\t<\/div>\n\t\t\t\t<\/div>\n\t\t\t<\/div><\/p>","protected":false},"author":2,"featured_media":251,"comment_status":"closed","ping_status":"closed","template":"","meta":{"_et_pb_use_builder":"on","_et_pb_old_content":"[et_pb_section fb_built=\"1\" _builder_version=\"4.24.2\" _module_preset=\"default\" background_enable_mask_style=\"on\" background_mask_style=\"triangles\" background_mask_color=\"rgba(235,235,235,0.43)\" background_mask_transform=\"invert\" background_mask_aspect_ratio=\"portrait\" background_mask_size=\"cover\" custom_padding=\"||5px|||\" locked=\"off\" global_colors_info=\"{}\"][et_pb_row use_custom_gutter=\"on\" _builder_version=\"4.24.2\" _module_preset=\"default\" width=\"90%\" custom_padding=\"||0px||false|false\" global_colors_info=\"{}\"][et_pb_column type=\"4_4\" _builder_version=\"4.24.2\" _module_preset=\"default\" background_color=\"RGBA(255,255,255,0)\" global_colors_info=\"{}\"][et_pb_text _builder_version=\"4.24.2\" _dynamic_attributes=\"content\" _module_preset=\"default\" text_font=\"|||on|||||\" text_text_color=\"#333333\" link_text_color=\"#6E6E6E\" custom_margin=\"||19px|||\" global_colors_info=\"{}\"]@ET-DC@eyJkeW5hbWljIjp0cnVlLCJjb250ZW50IjoicG9zdF9jYXRlZ29yaWVzIiwic2V0dGluZ3MiOnsiYmVmb3JlIjoiIiwiYWZ0ZXIiOiIiLCJsaW5rX3RvX3Rlcm1fcGFnZSI6Im9uIiwic2VwYXJhdG9yIjoiIHwgIiwiY2F0ZWdvcnlfdHlwZSI6InByb2plY3RfY2F0ZWdvcnkifX0=@[\/et_pb_text][et_pb_text _builder_version=\"4.24.2\" _dynamic_attributes=\"content\" _module_preset=\"default\" text_text_color=\"#6E6E6E\" text_font_size=\"35px\" text_line_height=\"1.1em\" custom_margin=\"||19px|||\" global_colors_info=\"{}\"]@ET-DC@eyJkeW5hbWljIjp0cnVlLCJjb250ZW50IjoicG9zdF90aXRsZSIsInNldHRpbmdzIjp7ImJlZm9yZSI6IiIsImFmdGVyIjoiIn19@[\/et_pb_text][et_pb_text _builder_version=\"4.24.2\" _module_preset=\"default\" text_font=\"|300|||||||\" text_text_color=\"#333333\" text_font_size=\"17px\" text_line_height=\"1.65em\" hover_enabled=\"0\" global_colors_info=\"{}\" sticky_enabled=\"0\"]<p><strong>Proyecto: vivienda unifamiliar bioclim\u00e1tica, dalias, almer\u00eda, andaluc\u00eda (spain)_2024.<\/strong><br \/>promotor: particular.<br \/>arquitecto: aureliano, baena gonz\u00e1lez_<br \/>-dise\u00f1o<br \/>-desarrollo t\u00e9cnico.<br \/>-direcci\u00f3n de obra.<br \/>Arquitecto t\u00e9cnico: Aureliano, baena Gonz\u00e1lez.<br \/>-direcci\u00f3n de ejecuci\u00f3n material<br \/>-coordinaci\u00f3n de seguridad y salud.<\/p>[\/et_pb_text][dsm_masonry_gallery gallery_ids=\"237,236,235,234,233,232,231,230,229,228\" columns=\"2\" gutter=\"20\" use_lightbox=\"on\" use_zoom_on_hover=\"on\" _builder_version=\"4.24.2\" _module_preset=\"default\" hover_enabled=\"0\" global_colors_info=\"{}\" sticky_enabled=\"0\"][\/dsm_masonry_gallery][\/et_pb_column][\/et_pb_row][\/et_pb_section][et_pb_section fb_built=\"1\" module_id=\"proyectos\" _builder_version=\"4.24.2\" _module_preset=\"default\" background_color=\"#f9f9f9\" custom_padding=\"35px||24px|||\" locked=\"off\" global_colors_info=\"{}\"][et_pb_row custom_padding_last_edited=\"off|desktop\" _builder_version=\"4.24.2\" _module_preset=\"default\" width=\"90%\" custom_margin=\"0px|auto|9px|auto|false|false\" custom_padding=\"18px||18px||true|false\" custom_padding_tablet=\"0px||0px|0px|false|false\" custom_padding_phone=\"0px||0px|0px|false|false\" animation_style=\"fade\" animation_delay=\"500ms\" animation_speed_curve=\"ease\" global_colors_info=\"{}\"][et_pb_column type=\"4_4\" _builder_version=\"4.20.0\" _module_preset=\"default\" global_colors_info=\"{}\"][et_pb_text _builder_version=\"4.24.2\" _module_preset=\"default\" header_2_font=\"Cairo||||||||\" header_2_text_align=\"left\" header_2_text_color=\"#6E6E6E\" header_2_font_size=\"35px\" header_2_line_height=\"1.1em\" custom_margin=\"0px||-3px||false|false\" custom_padding=\"0px||0px||false|false\" animation_style=\"fade\" animation_speed_curve=\"ease\" header_2_font_size_tablet=\"63px\" header_2_font_size_phone=\"30px\" header_2_font_size_last_edited=\"on|phone\" global_colors_info=\"{}\"]<h2>+ Proyectos<\/h2>[\/et_pb_text][\/et_pb_column][\/et_pb_row][et_pb_row _builder_version=\"4.24.2\" _module_preset=\"default\" width=\"90%\" global_colors_info=\"{}\"][et_pb_column type=\"4_4\" _builder_version=\"4.24.2\" _module_preset=\"default\" global_colors_info=\"{}\"][dsm_post_carousel post_type=\"project\" dsm_include_project_categories=\"5\" thumbnail_height=\"330px\" use_excerpt=\"off\" use_category=\"on\" use_date=\"off\" use_author=\"off\" use_readmore=\"on\" readmore_text=\"+\" use_navi=\"off\" post_equal_height=\"on\" _builder_version=\"4.24.2\" _module_preset=\"default\" title_level=\"h3\" title_font=\"||||||||\" title_text_align=\"center\" title_text_color=\"#333333\" title_font_size=\"16px\" body_font=\"|300|||||||\" body_text_color=\"#333333\" body_font_size=\"16px\" date_text_color=\"#C4C4C4\" category_font=\"||||||||\" category_text_color=\"#6E6E6E\" category_font_size=\"16px\" custom_readmore=\"on\" readmore_text_size=\"20px\" readmore_text_color=\"#333333\" readmore_bg_color=\"RGBA(255,255,255,0)\" readmore_border_width=\"0px\" readmore_border_radius=\"0px\" readmore_use_icon=\"off\" readmore_alignment=\"center\" custom_margin=\"||14px||false|false\" global_colors_info=\"{}\" readmore_text_size__hover_enabled=\"off|desktop\" readmore_text_size__hover=\"35px\" readmore_text_color__hover_enabled=\"on|desktop\" readmore_text_color__hover=\"#C4C4C4\"][\/dsm_post_carousel][\/et_pb_column][\/et_pb_row][\/et_pb_section]","_et_gb_content_width":"","footnotes":""},"project_category":[21],"project_tag":[],"class_list":["post-241","project","type-project","status-publish","has-post-thumbnail","hentry","project_category-arq-retail"],"yoast_head":"<!-- This site is optimized with the Yoast SEO plugin v23.0 - https:\/\/yoast.com\/wordpress\/plugins\/seo\/ -->\n<title>Proyecto comercial, Showroom - Baena Arquitectura<\/title>\n<meta name=\"robots\" content=\"index, follow, max-snippet:-1, max-image-preview:large, max-video-preview:-1\" \/>\n<link rel=\"canonical\" href=\"https:\/\/baenaarquitectura.com\/en\/project\/proyecto-comercial-showroom\/\" \/>\n<meta property=\"og:locale\" content=\"en_GB\" \/>\n<meta property=\"og:type\" content=\"article\" \/>\n<meta property=\"og:title\" content=\"Proyecto comercial, Showroom - Baena Arquitectura\" \/>\n<meta property=\"og:description\" content=\"Marbella, M\u00e1laga, Andalucia (Spain)_promotor: roman-Clavero, Windows and doors.arquitecto: aureliano, baena gonz\u00e1lez_-dise\u00f1o-desarrollo t\u00e9cnico.-direcci\u00f3n de obra.+ Proyectos\" \/>\n<meta property=\"og:url\" content=\"https:\/\/baenaarquitectura.com\/en\/project\/proyecto-comercial-showroom\/\" \/>\n<meta property=\"og:site_name\" content=\"Baena Arquitectura\" \/>\n<meta property=\"article:modified_time\" content=\"2024-07-05T14:11:35+00:00\" \/>\n<meta property=\"og:image\" content=\"https:\/\/baenaarquitectura.com\/wp-content\/uploads\/2024\/06\/Marbella-Retail-6.jpg\" \/>\n\t<meta property=\"og:image:width\" content=\"1280\" \/>\n\t<meta property=\"og:image:height\" content=\"857\" \/>\n\t<meta property=\"og:image:type\" content=\"image\/jpeg\" \/>\n<meta name=\"twitter:card\" content=\"summary_large_image\" \/>\n<meta name=\"twitter:label1\" content=\"Estimated reading time\" \/>\n\t<meta name=\"twitter:data1\" content=\"3 minutes\" \/>\n<script type=\"application\/ld+json\" class=\"yoast-schema-graph\">{\"@context\":\"https:\/\/schema.org\",\"@graph\":[{\"@type\":\"WebPage\",\"@id\":\"https:\/\/baenaarquitectura.com\/project\/proyecto-comercial-showroom\/\",\"url\":\"https:\/\/baenaarquitectura.com\/project\/proyecto-comercial-showroom\/\",\"name\":\"Proyecto comercial, Showroom - Baena Arquitectura\",\"isPartOf\":{\"@id\":\"https:\/\/baenaarquitectura.com\/#website\"},\"primaryImageOfPage\":{\"@id\":\"https:\/\/baenaarquitectura.com\/project\/proyecto-comercial-showroom\/#primaryimage\"},\"image\":{\"@id\":\"https:\/\/baenaarquitectura.com\/project\/proyecto-comercial-showroom\/#primaryimage\"},\"thumbnailUrl\":\"https:\/\/baenaarquitectura.com\/wp-content\/uploads\/2024\/06\/Marbella-Retail-6.jpg\",\"datePublished\":\"2024-06-01T15:06:21+00:00\",\"dateModified\":\"2024-07-05T14:11:35+00:00\",\"breadcrumb\":{\"@id\":\"https:\/\/baenaarquitectura.com\/project\/proyecto-comercial-showroom\/#breadcrumb\"},\"inLanguage\":\"en-GB\",\"potentialAction\":[{\"@type\":\"ReadAction\",\"target\":[\"https:\/\/baenaarquitectura.com\/project\/proyecto-comercial-showroom\/\"]}]},{\"@type\":\"ImageObject\",\"inLanguage\":\"en-GB\",\"@id\":\"https:\/\/baenaarquitectura.com\/project\/proyecto-comercial-showroom\/#primaryimage\",\"url\":\"https:\/\/baenaarquitectura.com\/wp-content\/uploads\/2024\/06\/Marbella-Retail-6.jpg\",\"contentUrl\":\"https:\/\/baenaarquitectura.com\/wp-content\/uploads\/2024\/06\/Marbella-Retail-6.jpg\",\"width\":1280,\"height\":857,\"caption\":\"Marbella\"},{\"@type\":\"BreadcrumbList\",\"@id\":\"https:\/\/baenaarquitectura.com\/project\/proyecto-comercial-showroom\/#breadcrumb\",\"itemListElement\":[{\"@type\":\"ListItem\",\"position\":1,\"name\":\"Portada\",\"item\":\"https:\/\/baenaarquitectura.com\/\"},{\"@type\":\"ListItem\",\"position\":2,\"name\":\"Proyectos\",\"item\":\"https:\/\/baenaarquitectura.com\/project\/\"},{\"@type\":\"ListItem\",\"position\":3,\"name\":\"Proyecto comercial, Showroom\"}]},{\"@type\":\"WebSite\",\"@id\":\"https:\/\/baenaarquitectura.com\/#website\",\"url\":\"https:\/\/baenaarquitectura.com\/\",\"name\":\"Baena Arquitectura\",\"description\":\"Arquitectura, Urbanismo y Gesti&oacute;n integral de proyectos de edificaci&oacute;n.\",\"publisher\":{\"@id\":\"https:\/\/baenaarquitectura.com\/#organization\"},\"potentialAction\":[{\"@type\":\"SearchAction\",\"target\":{\"@type\":\"EntryPoint\",\"urlTemplate\":\"https:\/\/baenaarquitectura.com\/?s={search_term_string}\"},\"query-input\":\"required name=search_term_string\"}],\"inLanguage\":\"en-GB\"},{\"@type\":\"Organization\",\"@id\":\"https:\/\/baenaarquitectura.com\/#organization\",\"name\":\"Baena Arquitectura\",\"url\":\"https:\/\/baenaarquitectura.com\/\",\"logo\":{\"@type\":\"ImageObject\",\"inLanguage\":\"en-GB\",\"@id\":\"https:\/\/baenaarquitectura.com\/#\/schema\/logo\/image\/\",\"url\":\"https:\/\/baenaarquitectura.com\/wp-content\/uploads\/2024\/06\/Logo-BAENA-1-238x242-1-238x242-1-238x242-1-238x242.jpg\",\"contentUrl\":\"https:\/\/baenaarquitectura.com\/wp-content\/uploads\/2024\/06\/Logo-BAENA-1-238x242-1-238x242-1-238x242-1-238x242.jpg\",\"width\":238,\"height\":242,\"caption\":\"Baena Arquitectura\"},\"image\":{\"@id\":\"https:\/\/baenaarquitectura.com\/#\/schema\/logo\/image\/\"},\"sameAs\":[\"https:\/\/www.instagram.com\/baenaarquitectura\"]}]}<\/script>\n<!-- \/ Yoast SEO plugin. -->","yoast_head_json":{"title":"Proyecto comercial, Showroom - Baena Arquitectura","robots":{"index":"index","follow":"follow","max-snippet":"max-snippet:-1","max-image-preview":"max-image-preview:large","max-video-preview":"max-video-preview:-1"},"canonical":"https:\/\/baenaarquitectura.com\/en\/project\/proyecto-comercial-showroom\/","og_locale":"en_GB","og_type":"article","og_title":"Proyecto comercial, Showroom - Baena Arquitectura","og_description":"Marbella, M\u00e1laga, Andalucia (Spain)_promotor: roman-Clavero, Windows and doors.arquitecto: aureliano, baena gonz\u00e1lez_-dise\u00f1o-desarrollo t\u00e9cnico.-direcci\u00f3n de obra.+ Proyectos","og_url":"https:\/\/baenaarquitectura.com\/en\/project\/proyecto-comercial-showroom\/","og_site_name":"Baena Arquitectura","article_modified_time":"2024-07-05T14:11:35+00:00","og_image":[{"width":1280,"height":857,"url":"https:\/\/baenaarquitectura.com\/wp-content\/uploads\/2024\/06\/Marbella-Retail-6.jpg","type":"image\/jpeg"}],"twitter_card":"summary_large_image","twitter_misc":{"Estimated reading time":"3 minutes"},"schema":{"@context":"https:\/\/schema.org","@graph":[{"@type":"WebPage","@id":"https:\/\/baenaarquitectura.com\/project\/proyecto-comercial-showroom\/","url":"https:\/\/baenaarquitectura.com\/project\/proyecto-comercial-showroom\/","name":"Proyecto comercial, Showroom - Baena Arquitectura","isPartOf":{"@id":"https:\/\/baenaarquitectura.com\/#website"},"primaryImageOfPage":{"@id":"https:\/\/baenaarquitectura.com\/project\/proyecto-comercial-showroom\/#primaryimage"},"image":{"@id":"https:\/\/baenaarquitectura.com\/project\/proyecto-comercial-showroom\/#primaryimage"},"thumbnailUrl":"https:\/\/baenaarquitectura.com\/wp-content\/uploads\/2024\/06\/Marbella-Retail-6.jpg","datePublished":"2024-06-01T15:06:21+00:00","dateModified":"2024-07-05T14:11:35+00:00","breadcrumb":{"@id":"https:\/\/baenaarquitectura.com\/project\/proyecto-comercial-showroom\/#breadcrumb"},"inLanguage":"en-GB","potentialAction":[{"@type":"ReadAction","target":["https:\/\/baenaarquitectura.com\/project\/proyecto-comercial-showroom\/"]}]},{"@type":"ImageObject","inLanguage":"en-GB","@id":"https:\/\/baenaarquitectura.com\/project\/proyecto-comercial-showroom\/#primaryimage","url":"https:\/\/baenaarquitectura.com\/wp-content\/uploads\/2024\/06\/Marbella-Retail-6.jpg","contentUrl":"https:\/\/baenaarquitectura.com\/wp-content\/uploads\/2024\/06\/Marbella-Retail-6.jpg","width":1280,"height":857,"caption":"Marbella"},{"@type":"BreadcrumbList","@id":"https:\/\/baenaarquitectura.com\/project\/proyecto-comercial-showroom\/#breadcrumb","itemListElement":[{"@type":"ListItem","position":1,"name":"Portada","item":"https:\/\/baenaarquitectura.com\/"},{"@type":"ListItem","position":2,"name":"Proyectos","item":"https:\/\/baenaarquitectura.com\/project\/"},{"@type":"ListItem","position":3,"name":"Proyecto comercial, Showroom"}]},{"@type":"WebSite","@id":"https:\/\/baenaarquitectura.com\/#website","url":"https:\/\/baenaarquitectura.com\/","name":"Baena Arquitectura","description":"Arquitectura, Urbanismo y Gesti&oacute;n integral de proyectos de edificaci&oacute;n.","publisher":{"@id":"https:\/\/baenaarquitectura.com\/#organization"},"potentialAction":[{"@type":"SearchAction","target":{"@type":"EntryPoint","urlTemplate":"https:\/\/baenaarquitectura.com\/?s={search_term_string}"},"query-input":"required name=search_term_string"}],"inLanguage":"en-GB"},{"@type":"Organization","@id":"https:\/\/baenaarquitectura.com\/#organization","name":"Baena Arquitectura","url":"https:\/\/baenaarquitectura.com\/","logo":{"@type":"ImageObject","inLanguage":"en-GB","@id":"https:\/\/baenaarquitectura.com\/#\/schema\/logo\/image\/","url":"https:\/\/baenaarquitectura.com\/wp-content\/uploads\/2024\/06\/Logo-BAENA-1-238x242-1-238x242-1-238x242-1-238x242.jpg","contentUrl":"https:\/\/baenaarquitectura.com\/wp-content\/uploads\/2024\/06\/Logo-BAENA-1-238x242-1-238x242-1-238x242-1-238x242.jpg","width":238,"height":242,"caption":"Baena Arquitectura"},"image":{"@id":"https:\/\/baenaarquitectura.com\/#\/schema\/logo\/image\/"},"sameAs":["https:\/\/www.instagram.com\/baenaarquitectura"]}]}},"_links":{"self":[{"href":"https:\/\/baenaarquitectura.com\/en\/wp-json\/wp\/v2\/project\/241","targetHints":{"allow":["GET"]}}],"collection":[{"href":"https:\/\/baenaarquitectura.com\/en\/wp-json\/wp\/v2\/project"}],"about":[{"href":"https:\/\/baenaarquitectura.com\/en\/wp-json\/wp\/v2\/types\/project"}],"author":[{"embeddable":true,"href":"https:\/\/baenaarquitectura.com\/en\/wp-json\/wp\/v2\/users\/2"}],"replies":[{"embeddable":true,"href":"https:\/\/baenaarquitectura.com\/en\/wp-json\/wp\/v2\/comments?post=241"}],"version-history":[{"count":6,"href":"https:\/\/baenaarquitectura.com\/en\/wp-json\/wp\/v2\/project\/241\/revisions"}],"predecessor-version":[{"id":389,"href":"https:\/\/baenaarquitectura.com\/en\/wp-json\/wp\/v2\/project\/241\/revisions\/389"}],"wp:featuredmedia":[{"embeddable":true,"href":"https:\/\/baenaarquitectura.com\/en\/wp-json\/wp\/v2\/media\/251"}],"wp:attachment":[{"href":"https:\/\/baenaarquitectura.com\/en\/wp-json\/wp\/v2\/media?parent=241"}],"wp:term":[{"taxonomy":"project_category","embeddable":true,"href":"https:\/\/baenaarquitectura.com\/en\/wp-json\/wp\/v2\/project_category?post=241"},{"taxonomy":"project_tag","embeddable":true,"href":"https:\/\/baenaarquitectura.com\/en\/wp-json\/wp\/v2\/project_tag?post=241"}],"curies":[{"name":"wp","href":"https:\/\/api.w.org\/{rel}","templated":true}]}}